{"id":649,"date":"2018-03-14T18:37:01","date_gmt":"2018-03-14T17:37:01","guid":{"rendered":"http:\/\/www.ozbud.com.pl\/?page_id=649"},"modified":"2018-03-14T19:52:25","modified_gmt":"2018-03-14T18:52:25","slug":"roof-coverings","status":"publish","type":"page","link":"https:\/\/www.ozbud.com.pl\/index.php\/en\/roof-coverings\/","title":{"rendered":"Roof coverings"},"content":{"rendered":"<\/div><\/div><\/div><!-- close content main div --><\/div><\/div><div id='av_section_1' class='avia-section main_color avia-section-large avia-no-border-styling avia-full-stretch av-section-color-overlay-active avia-bg-style-scroll   container_wrap fullsize' style = 'background-repeat: no-repeat; background-image: url(https:\/\/www.ozbud.com.pl\/wp-content\/uploads\/2018\/02\/ozbud-banner-03.jpg); background-attachment: scroll; background-position: center center; ' data-section-bg-repeat='stretch' ><div class='av-section-color-overlay-wrap'><div class='av-section-color-overlay' style='opacity: 0.5; background-color: #00345b; '><\/div><div class='container' ><div class='template-page content  av-content-full alpha units'><div class='post-entry post-entry-type-page post-entry-649'><div class='entry-content-wrapper clearfix'>\n<div style='padding-bottom:0px;color:#ffffff;font-size:30px;' class='av-special-heading av-special-heading-h3 custom-color-heading blockquote modern-quote modern-centered  av-thin-font av-inherit-size '><h3 class='av-special-heading-tag '  itemprop=\"headline\"  ><strong>ROOF COVERINGS<\/strong><\/h3><div class='special-heading-border'><div class='special-heading-inner-border' style='border-color:#ffffff'><\/div><\/div><\/div>\n\n<\/div><\/div><\/div><!-- close content main div --><\/div><\/div><\/div><div id='av_section_2' class='avia-section main_color avia-section-default avia-no-shadow avia-bg-style-scroll   container_wrap fullsize'   ><div class='container' ><div class='template-page content  av-content-full alpha units'><div class='post-entry post-entry-type-page post-entry-649'><div class='entry-content-wrapper clearfix'>\n<div style='padding-bottom:0px;font-size:20px;' class='av-special-heading av-special-heading-h3  blockquote modern-quote modern-centered  av-thin-font av-inherit-size '><h3 class='av-special-heading-tag '  itemprop=\"headline\"  ><strong>Zobacz nasze realizacje w obszarze rob\u00f3t dekarskich<\/strong><\/h3><div class='special-heading-border'><div class='special-heading-inner-border' ><\/div><\/div><\/div>\n\n<div id='av-masonry-1' class='av-masonry  noHover av-fixed-size av-no-gap av-hover-overlay- av-masonry-col-4 av-caption-on-hover-hide av-caption-style-    '  ><div class='av-masonry-container isotope av-js-disabled ' ><div class='av-masonry-entry isotope-item av-masonry-item-no-image '><\/div><a href=\"https:\/\/www.ozbud.com.pl\/index.php\/realizacje\/specjalisty-ds-ofertowania\/\" id='av-masonry-1-item-412' data-av-masonry-item='412' class='av-masonry-entry isotope-item post-412 portfolio type-portfolio status-publish hentry portfolio_entries-oferty-pracy  av-masonry-item-no-image' title=\"Specjalista ds. Ofertowania\"  itemscope=\"itemscope\" itemtype=\"https:\/\/schema.org\/CreativeWork\" ><div class='av-inner-masonry-sizer'><\/div><figure class='av-inner-masonry main_color'><figcaption class='av-inner-masonry-content site-background'><div class='av-inner-masonry-content-pos'><div class='av-inner-masonry-content-pos-content'><div class='avia-arrow'><\/div><h3 class='av-masonry-entry-title entry-title'  itemprop=\"headline\" >Specjalista ds. Ofertowania<\/h3><\/div><\/div><\/figcaption><\/figure><\/a><!--end av-masonry entry--><a href=\"https:\/\/www.ozbud.com.pl\/index.php\/realizacje\/inzynier-budowy-budownictwa\/\" id='av-masonry-1-item-255' data-av-masonry-item='255' class='av-masonry-entry isotope-item post-255 portfolio type-portfolio status-publish hentry portfolio_entries-oferty-pracy  av-masonry-item-no-image' title=\"In\u017cynier Budowy \/ Budownictwa\"  itemscope=\"itemscope\" itemtype=\"https:\/\/schema.org\/CreativeWork\" ><div class='av-inner-masonry-sizer'><\/div><figure class='av-inner-masonry main_color'><figcaption class='av-inner-masonry-content site-background'><div class='av-inner-masonry-content-pos'><div class='av-inner-masonry-content-pos-content'><div class='avia-arrow'><\/div><h3 class='av-masonry-entry-title entry-title'  itemprop=\"headline\" >In\u017cynier Budowy \/ Budownictwa<\/h3><\/div><\/div><\/figcaption><\/figure><\/a><!--end av-masonry entry--><a href=\"https:\/\/www.ozbud.com.pl\/index.php\/realizacje\/kierownika-budowy-w-branzy-konstrukcyjno-budowlanej\/\" id='av-masonry-1-item-408' data-av-masonry-item='408' class='av-masonry-entry isotope-item post-408 portfolio type-portfolio status-publish hentry portfolio_entries-oferty-pracy  av-masonry-item-no-image' title=\"Kierownik Budowy\"  itemscope=\"itemscope\" itemtype=\"https:\/\/schema.org\/CreativeWork\" ><div class='av-inner-masonry-sizer'><\/div><figure class='av-inner-masonry main_color'><figcaption class='av-inner-masonry-content site-background'><div class='av-inner-masonry-content-pos'><div class='av-inner-masonry-content-pos-content'><div class='avia-arrow'><\/div><h3 class='av-masonry-entry-title entry-title'  itemprop=\"headline\" >Kierownik Budowy<\/h3><\/div><\/div><\/figcaption><\/figure><\/a><!--end av-masonry entry--><a href=\"https:\/\/www.ozbud.com.pl\/index.php\/realizacje\/budowa-przedszkola-okulickiego\/\" id='av-masonry-1-item-2541' data-av-masonry-item='2541' class='av-masonry-entry isotope-item post-2541 portfolio type-portfolio status-publish has-post-thumbnail hentry portfolio_entries-obiekty-uzytecznosci-publicznej  av-masonry-item-with-image av-grid-img' title=\"Budowa Przedszkola przy ul. Leopolda Okulickiego\"  itemscope=\"itemscope\" itemtype=\"https:\/\/schema.org\/CreativeWork\" ><div class='av-inner-masonry-sizer'><\/div><figure class='av-inner-masonry main_color'><div class=\"av-masonry-outerimage-container\"><div class=\"av-masonry-image-container\" style=\"background-image: url(https:\/\/www.ozbud.com.pl\/wp-content\/uploads\/2020\/02\/przedszkole-ul.Okulickiego_zaprojektuj-i-wybuduj_1-705x470.jpg);\"><img decoding=\"async\" src=\"https:\/\/www.ozbud.com.pl\/wp-content\/uploads\/2020\/02\/przedszkole-ul.Okulickiego_zaprojektuj-i-wybuduj_1-705x470.jpg\" title=\"przedszkole-ul.Okulickiego_zaprojektuj-i-wybuduj_1\" alt=\"przedszkole-ul.Okulickiego_zaprojektuj-i-wybuduj_1\" \/><\/div><\/div><figcaption class='av-inner-masonry-content site-background'><div class='av-inner-masonry-content-pos'><div class='av-inner-masonry-content-pos-content'><div class='avia-arrow'><\/div><h3 class='av-masonry-entry-title entry-title'  itemprop=\"headline\" >Budowa Przedszkola przy ul. Leopolda Okulickiego<\/h3><\/div><\/div><\/figcaption><\/figure><\/a><!--end av-masonry entry--><a href=\"https:\/\/www.ozbud.com.pl\/index.php\/realizacje\/hala-przemyslowa-partner-2009\/\" id='av-masonry-1-item-2343' data-av-masonry-item='2343' class='av-masonry-entry isotope-item post-2343 portfolio type-portfolio status-publish has-post-thumbnail hentry portfolio_entries-budownictwo-przemyslowe  av-masonry-item-with-image av-grid-img' title=\"Hala Przemys\u0142owa Partner\"  itemscope=\"itemscope\" itemtype=\"https:\/\/schema.org\/CreativeWork\" ><div class='av-inner-masonry-sizer'><\/div><figure class='av-inner-masonry main_color'><div class=\"av-masonry-outerimage-container\"><div class=\"av-masonry-image-container\" style=\"background-image: url(https:\/\/www.ozbud.com.pl\/wp-content\/uploads\/2019\/03\/hala-stalowa-przemys\u0142owa-wroc\u0142aw-Partner-2-705x529.jpg);\"><img decoding=\"async\" src=\"https:\/\/www.ozbud.com.pl\/wp-content\/uploads\/2019\/03\/hala-stalowa-przemys\u0142owa-wroc\u0142aw-Partner-2-705x529.jpg\" title=\"hala-stalowa-przemys\u0142owa-wroc\u0142aw-Partner-2\" alt=\"\" \/><\/div><\/div><figcaption class='av-inner-masonry-content site-background'><div class='av-inner-masonry-content-pos'><div class='av-inner-masonry-content-pos-content'><div class='avia-arrow'><\/div><h3 class='av-masonry-entry-title entry-title'  itemprop=\"headline\" >Hala Przemys\u0142owa Partner<\/h3><\/div><\/div><\/figcaption><\/figure><\/a><!--end av-masonry entry--><a href=\"https:\/\/www.ozbud.com.pl\/index.php\/realizacje\/hala-przemyslowa-pp\/\" id='av-masonry-1-item-2291' data-av-masonry-item='2291' class='av-masonry-entry isotope-item post-2291 portfolio type-portfolio status-publish has-post-thumbnail hentry portfolio_entries-budownictwo-przemyslowe  av-masonry-item-with-image av-grid-img' title=\"Hala Przemys\u0142owa dla Poczty Polskiej\"  itemscope=\"itemscope\" itemtype=\"https:\/\/schema.org\/CreativeWork\" ><div class='av-inner-masonry-sizer'><\/div><figure class='av-inner-masonry main_color'><div class=\"av-masonry-outerimage-container\"><div class=\"av-masonry-image-container\" style=\"background-image: url(https:\/\/www.ozbud.com.pl\/wp-content\/uploads\/2019\/03\/hale-stalowe-prefabrykowane-poczta-polska.6-705x528.jpg);\"><img decoding=\"async\" src=\"https:\/\/www.ozbud.com.pl\/wp-content\/uploads\/2019\/03\/hale-stalowe-prefabrykowane-poczta-polska.6-705x528.jpg\" title=\"hale-stalowe-prefabrykowane-poczta-polska.6\" alt=\"\" \/><\/div><\/div><figcaption class='av-inner-masonry-content site-background'><div class='av-inner-masonry-content-pos'><div class='av-inner-masonry-content-pos-content'><div class='avia-arrow'><\/div><h3 class='av-masonry-entry-title entry-title'  itemprop=\"headline\" >Hala Przemys\u0142owa dla Poczty Polskiej<\/h3><\/div><\/div><\/figcaption><\/figure><\/a><!--end av-masonry entry--><a href=\"https:\/\/www.ozbud.com.pl\/index.php\/realizacje\/przebudowa-zabytkowego-kosciola\/\" id='av-masonry-1-item-2184' data-av-masonry-item='2184' class='av-masonry-entry isotope-item post-2184 portfolio type-portfolio status-publish has-post-thumbnail hentry portfolio_entries-obiekty-uzytecznosci-publicznej portfolio_entries-remonty-i-renowacje portfolio_entries-roboty-dekarskie  av-masonry-item-with-image av-grid-img' title=\"Przebudowa Ko\u015bcio\u0142a poewangelickiego w Zawoni\"  itemscope=\"itemscope\" itemtype=\"https:\/\/schema.org\/CreativeWork\" ><div class='av-inner-masonry-sizer'><\/div><figure class='av-inner-masonry main_color'><div class=\"av-masonry-outerimage-container\"><div class=\"av-masonry-image-container\" style=\"background-image: url(https:\/\/www.ozbud.com.pl\/wp-content\/uploads\/2018\/10\/remont-kosciola-zawonia-6-705x567.jpg);\"><img decoding=\"async\" src=\"https:\/\/www.ozbud.com.pl\/wp-content\/uploads\/2018\/10\/remont-kosciola-zawonia-6-705x567.jpg\" title=\"remont-kosciola-zawonia-6\" alt=\"remont-kosciola-zawonia-6\" \/><\/div><\/div><figcaption class='av-inner-masonry-content site-background'><div class='av-inner-masonry-content-pos'><div class='av-inner-masonry-content-pos-content'><div class='avia-arrow'><\/div><h3 class='av-masonry-entry-title entry-title'  itemprop=\"headline\" >Przebudowa Ko\u015bcio\u0142a poewangelickiego w Zawoni<\/h3><\/div><\/div><\/figcaption><\/figure><\/a><!--end av-masonry entry--><a href=\"https:\/\/www.ozbud.com.pl\/index.php\/realizacje\/budynek-mieszkalny-ul-chorwacka\/\" id='av-masonry-1-item-2110' data-av-masonry-item='2110' class='av-masonry-entry isotope-item post-2110 portfolio type-portfolio status-publish has-post-thumbnail hentry portfolio_entries-budownictwo-mieszkaniowe  av-masonry-item-with-image av-grid-img' title=\"ROOSH ul. Chorwacka\"  itemscope=\"itemscope\" itemtype=\"https:\/\/schema.org\/CreativeWork\" ><div class='av-inner-masonry-sizer'><\/div><figure class='av-inner-masonry main_color'><div class=\"av-masonry-outerimage-container\"><div class=\"av-masonry-image-container\" style=\"background-image: url(https:\/\/www.ozbud.com.pl\/wp-content\/uploads\/2018\/06\/zabudowa-mieszkalna-chorwacka-roosh-01-1-705x528.jpg);\"><img decoding=\"async\" src=\"https:\/\/www.ozbud.com.pl\/wp-content\/uploads\/2018\/06\/zabudowa-mieszkalna-chorwacka-roosh-01-1-705x528.jpg\" title=\"roosh-budynek-mieszkalny-chorwacka39-01\" alt=\"roosh-budynek-mieszkalny-chorwacka39-01\" \/><\/div><\/div><figcaption class='av-inner-masonry-content site-background'><div class='av-inner-masonry-content-pos'><div class='av-inner-masonry-content-pos-content'><div class='avia-arrow'><\/div><h3 class='av-masonry-entry-title entry-title'  itemprop=\"headline\" >ROOSH ul. Chorwacka<\/h3><\/div><\/div><\/figcaption><\/figure><\/a><!--end av-masonry entry--><a href=\"https:\/\/www.ozbud.com.pl\/index.php\/realizacje\/gagarina-108-budynek-mieszkalny\/\" id='av-masonry-1-item-2028' data-av-masonry-item='2028' class='av-masonry-entry isotope-item post-2028 portfolio type-portfolio status-publish has-post-thumbnail hentry portfolio_entries-budownictwo-mieszkaniowe  av-masonry-item-with-image av-grid-img' title=\"Gagarina 108\"  itemscope=\"itemscope\" itemtype=\"https:\/\/schema.org\/CreativeWork\" ><div class='av-inner-masonry-sizer'><\/div><figure class='av-inner-masonry main_color'><div class=\"av-masonry-outerimage-container\"><div class=\"av-masonry-image-container\" style=\"background-image: url(https:\/\/www.ozbud.com.pl\/wp-content\/uploads\/2018\/11\/budownictwo-mieszkaniowe-gagarina-108-4-705x528.jpg);\"><img decoding=\"async\" src=\"https:\/\/www.ozbud.com.pl\/wp-content\/uploads\/2018\/11\/budownictwo-mieszkaniowe-gagarina-108-4-705x528.jpg\" title=\"kameralny-budynek-mieszkaniowy-gagarina108-6\" alt=\"kameralny-budynek-mieszkaniowy-gagarina108-6\" \/><\/div><\/div><figcaption class='av-inner-masonry-content site-background'><div class='av-inner-masonry-content-pos'><div class='av-inner-masonry-content-pos-content'><div class='avia-arrow'><\/div><h3 class='av-masonry-entry-title entry-title'  itemprop=\"headline\" >Gagarina 108<\/h3><\/div><\/div><\/figcaption><\/figure><\/a><!--end av-masonry entry--><a href=\"https:\/\/www.ozbud.com.pl\/index.php\/realizacje\/przebudowa-iw-uwr\/\" id='av-masonry-1-item-2192' data-av-masonry-item='2192' class='av-masonry-entry isotope-item post-2192 portfolio type-portfolio status-publish has-post-thumbnail hentry portfolio_entries-obiekty-uzytecznosci-publicznej portfolio_entries-remonty-i-renowacje  av-masonry-item-with-image av-grid-img' title=\"Przebudowa budynku Instytutu Weterynarii wraz z dostosowaniem do wymog\u00f3w ppo\u017c\"  itemscope=\"itemscope\" itemtype=\"https:\/\/schema.org\/CreativeWork\" ><div class='av-inner-masonry-sizer'><\/div><figure class='av-inner-masonry main_color'><div class=\"av-masonry-outerimage-container\"><div class=\"av-masonry-image-container\" style=\"background-image: url(https:\/\/www.ozbud.com.pl\/wp-content\/uploads\/2018\/05\/uniwersytet-przydodniczy_norwida-7001-705x528.jpg);\"><img decoding=\"async\" src=\"https:\/\/www.ozbud.com.pl\/wp-content\/uploads\/2018\/05\/uniwersytet-przydodniczy_norwida-7001-705x528.jpg\" title=\"uniwersytet-przydodniczy_norwida-7001\" alt=\"\" \/><\/div><\/div><figcaption class='av-inner-masonry-content site-background'><div class='av-inner-masonry-content-pos'><div class='av-inner-masonry-content-pos-content'><div class='avia-arrow'><\/div><h3 class='av-masonry-entry-title entry-title'  itemprop=\"headline\" >Przebudowa budynku Instytutu Weterynarii wraz z dostosowaniem do wymog\u00f3w ppo\u017c<\/h3><\/div><\/div><\/figcaption><\/figure><\/a><!--end av-masonry entry--><a href=\"https:\/\/www.ozbud.com.pl\/index.php\/de\/realizacje\/hotel-wlodkowica-de\/\" id='av-masonry-1-item-1572' data-av-masonry-item='1572' class='av-masonry-entry isotope-item post-1572 portfolio type-portfolio status-publish has-post-thumbnail hentry portfolio_entries-modernisierungen-und-renovierungen portfolio_entries-wohnungsbau  av-masonry-item-with-image av-grid-img' title=\"Rewitalizacja Budynku Hotelowego\"  itemscope=\"itemscope\" itemtype=\"https:\/\/schema.org\/CreativeWork\" ><div class='av-inner-masonry-sizer'><\/div><figure class='av-inner-masonry main_color'><div class=\"av-masonry-outerimage-container\"><div class=\"av-masonry-image-container\" style=\"background-image: url(https:\/\/www.ozbud.com.pl\/wp-content\/uploads\/2018\/05\/IMG_0800-705x529.jpg);\"><img decoding=\"async\" src=\"https:\/\/www.ozbud.com.pl\/wp-content\/uploads\/2018\/05\/IMG_0800-705x529.jpg\" title=\"IMG_0800\" alt=\"\" \/><\/div><\/div><figcaption class='av-inner-masonry-content site-background'><div class='av-inner-masonry-content-pos'><div class='av-inner-masonry-content-pos-content'><div class='avia-arrow'><\/div><h3 class='av-masonry-entry-title entry-title'  itemprop=\"headline\" >Rewitalizacja Budynku Hotelowego<\/h3><\/div><\/div><\/figcaption><\/figure><\/a><!--end av-masonry entry--><a href=\"https:\/\/www.ozbud.com.pl\/index.php\/realizacje\/kamienica-wlodkowica\/\" id='av-masonry-1-item-1432' data-av-masonry-item='1432' class='av-masonry-entry isotope-item post-1432 portfolio type-portfolio status-publish has-post-thumbnail hentry portfolio_entries-budownictwo-mieszkaniowe portfolio_entries-obiekty-uzytecznosci-publicznej portfolio_entries-remonty-i-renowacje  av-masonry-item-with-image av-grid-img' title=\"Budynek Mieszkalno-Biurowy\"  itemscope=\"itemscope\" itemtype=\"https:\/\/schema.org\/CreativeWork\" ><div class='av-inner-masonry-sizer'><\/div><figure class='av-inner-masonry main_color'><div class=\"av-masonry-outerimage-container\"><div class=\"av-masonry-image-container\" style=\"background-image: url(https:\/\/www.ozbud.com.pl\/wp-content\/uploads\/2018\/05\/remont-hotel-w\u0142odkowica-1-705x528.jpg);\"><img decoding=\"async\" src=\"https:\/\/www.ozbud.com.pl\/wp-content\/uploads\/2018\/05\/remont-hotel-w\u0142odkowica-1-705x528.jpg\" title=\"remont-hotel-w\u0142odkowica (1)\" alt=\"\" \/><\/div><\/div><figcaption class='av-inner-masonry-content site-background'><div class='av-inner-masonry-content-pos'><div class='av-inner-masonry-content-pos-content'><div class='avia-arrow'><\/div><h3 class='av-masonry-entry-title entry-title'  itemprop=\"headline\" >Budynek Mieszkalno-Biurowy<\/h3><\/div><\/div><\/figcaption><\/figure><\/a><!--end av-masonry entry--><a href=\"https:\/\/www.ozbud.com.pl\/index.php\/realizacje\/goszcz\/\" id='av-masonry-1-item-536' data-av-masonry-item='536' class='av-masonry-entry isotope-item post-536 portfolio type-portfolio status-publish has-post-thumbnail hentry portfolio_entries-roboty-dekarskie  av-masonry-item-with-image av-grid-img' title=\"Goszcz\"  itemscope=\"itemscope\" itemtype=\"https:\/\/schema.org\/CreativeWork\" ><div class='av-inner-masonry-sizer'><\/div><figure class='av-inner-masonry main_color'><div class=\"av-masonry-outerimage-container\"><div class=\"av-masonry-image-container\" style=\"background-image: url(https:\/\/www.ozbud.com.pl\/wp-content\/uploads\/2018\/03\/ozbud-goszcz-8-705x529.jpg);\"><img decoding=\"async\" src=\"https:\/\/www.ozbud.com.pl\/wp-content\/uploads\/2018\/03\/ozbud-goszcz-8-705x529.jpg\" title=\"ozbud-goszcz (8)\" alt=\"\" \/><\/div><\/div><figcaption class='av-inner-masonry-content site-background'><div class='av-inner-masonry-content-pos'><div class='av-inner-masonry-content-pos-content'><div class='avia-arrow'><\/div><h3 class='av-masonry-entry-title entry-title'  itemprop=\"headline\" >Goszcz<\/h3><\/div><\/div><\/figcaption><\/figure><\/a><!--end av-masonry entry--><a href=\"https:\/\/www.ozbud.com.pl\/index.php\/realizacje\/pulaskiego-park\/\" id='av-masonry-1-item-532' data-av-masonry-item='532' class='av-masonry-entry isotope-item post-532 portfolio type-portfolio status-publish has-post-thumbnail hentry portfolio_entries-budownictwo-mieszkaniowe  av-masonry-item-with-image av-grid-img' title=\"Pu\u0142askiego Park\"  itemscope=\"itemscope\" itemtype=\"https:\/\/schema.org\/CreativeWork\" ><div class='av-inner-masonry-sizer'><\/div><figure class='av-inner-masonry main_color'><div class=\"av-masonry-outerimage-container\"><div class=\"av-masonry-image-container\" style=\"background-image: url(https:\/\/www.ozbud.com.pl\/wp-content\/uploads\/2018\/03\/ozbud-pulaskiego-01-705x470.jpg);\"><img decoding=\"async\" src=\"https:\/\/www.ozbud.com.pl\/wp-content\/uploads\/2018\/03\/ozbud-pulaskiego-01-705x470.jpg\" title=\"ozbud-pulaskiego-01\" alt=\"\" \/><\/div><\/div><figcaption class='av-inner-masonry-content site-background'><div class='av-inner-masonry-content-pos'><div class='av-inner-masonry-content-pos-content'><div class='avia-arrow'><\/div><h3 class='av-masonry-entry-title entry-title'  itemprop=\"headline\" >Pu\u0142askiego Park<\/h3><\/div><\/div><\/figcaption><\/figure><\/a><!--end av-masonry entry--><a href=\"https:\/\/www.ozbud.com.pl\/index.php\/realizacje\/osiedle-w-obornikach-slaskich\/\" id='av-masonry-1-item-525' data-av-masonry-item='525' class='av-masonry-entry isotope-item post-525 portfolio type-portfolio status-publish has-post-thumbnail hentry portfolio_entries-budownictwo-mieszkaniowe  av-masonry-item-with-image av-grid-img' title=\"Osiedle w Obornikach \u015al\u0105skich\"  itemscope=\"itemscope\" itemtype=\"https:\/\/schema.org\/CreativeWork\" ><div class='av-inner-masonry-sizer'><\/div><figure class='av-inner-masonry main_color'><div class=\"av-masonry-outerimage-container\"><div class=\"av-masonry-image-container\" style=\"background-image: url(https:\/\/www.ozbud.com.pl\/wp-content\/uploads\/2018\/03\/ozbud-oborniki-1-705x470.jpg);\"><img decoding=\"async\" src=\"https:\/\/www.ozbud.com.pl\/wp-content\/uploads\/2018\/03\/ozbud-oborniki-1-705x470.jpg\" title=\"ozbud-oborniki (1)\" alt=\"\" \/><\/div><\/div><figcaption class='av-inner-masonry-content site-background'><div class='av-inner-masonry-content-pos'><div class='av-inner-masonry-content-pos-content'><div class='avia-arrow'><\/div><h3 class='av-masonry-entry-title entry-title'  itemprop=\"headline\" >Osiedle w Obornikach \u015al\u0105skich<\/h3><\/div><\/div><\/figcaption><\/figure><\/a><!--end av-masonry entry--><a href=\"https:\/\/www.ozbud.com.pl\/index.php\/realizacje\/dom-pomocy-spolecznej\/\" id='av-masonry-1-item-514' data-av-masonry-item='514' class='av-masonry-entry isotope-item post-514 portfolio type-portfolio status-publish has-post-thumbnail hentry portfolio_entries-remonty-i-renowacje  av-masonry-item-with-image av-grid-img' title=\"Dom Pomocy Spo\u0142ecznej w \u015awiebodzicach\"  itemscope=\"itemscope\" itemtype=\"https:\/\/schema.org\/CreativeWork\" ><div class='av-inner-masonry-sizer'><\/div><figure class='av-inner-masonry main_color'><div class=\"av-masonry-outerimage-container\"><div class=\"av-masonry-image-container\" style=\"background-image: url(https:\/\/www.ozbud.com.pl\/wp-content\/uploads\/2018\/03\/ozbud-swiebodzice-01-705x529.jpg);\"><img decoding=\"async\" src=\"https:\/\/www.ozbud.com.pl\/wp-content\/uploads\/2018\/03\/ozbud-swiebodzice-01-705x529.jpg\" title=\"ozbud-swiebodzice-01\" alt=\"\" \/><\/div><\/div><figcaption class='av-inner-masonry-content site-background'><div class='av-inner-masonry-content-pos'><div class='av-inner-masonry-content-pos-content'><div class='avia-arrow'><\/div><h3 class='av-masonry-entry-title entry-title'  itemprop=\"headline\" >Dom Pomocy Spo\u0142ecznej w \u015awiebodzicach<\/h3><\/div><\/div><\/figcaption><\/figure><\/a><!--end av-masonry entry--><a href=\"https:\/\/www.ozbud.com.pl\/index.php\/realizacje\/biblioteka-pwr\/\" id='av-masonry-1-item-509' data-av-masonry-item='509' class='av-masonry-entry isotope-item post-509 portfolio type-portfolio status-publish has-post-thumbnail hentry portfolio_entries-obiekty-uzytecznosci-publicznej  av-masonry-item-with-image av-grid-img' title=\"Biblioteka PWr\"  itemscope=\"itemscope\" itemtype=\"https:\/\/schema.org\/CreativeWork\" ><div class='av-inner-masonry-sizer'><\/div><figure class='av-inner-masonry main_color'><div class=\"av-masonry-outerimage-container\"><div class=\"av-masonry-image-container\" style=\"background-image: url(https:\/\/www.ozbud.com.pl\/wp-content\/uploads\/2018\/03\/ozbud-biblioteka-pwr-01-705x470.jpg);\"><img decoding=\"async\" src=\"https:\/\/www.ozbud.com.pl\/wp-content\/uploads\/2018\/03\/ozbud-biblioteka-pwr-01-705x470.jpg\" title=\"ozbud-biblioteka-pwr-01\" alt=\"\" \/><\/div><\/div><figcaption class='av-inner-masonry-content site-background'><div class='av-inner-masonry-content-pos'><div class='av-inner-masonry-content-pos-content'><div class='avia-arrow'><\/div><h3 class='av-masonry-entry-title entry-title'  itemprop=\"headline\" >Biblioteka PWr<\/h3><\/div><\/div><\/figcaption><\/figure><\/a><!--end av-masonry entry--><a href=\"https:\/\/www.ozbud.com.pl\/index.php\/realizacje\/gospoda-8-ryb\/\" id='av-masonry-1-item-453' data-av-masonry-item='453' class='av-masonry-entry isotope-item post-453 portfolio type-portfolio status-publish has-post-thumbnail hentry portfolio_entries-obiekty-uzytecznosci-publicznej  av-masonry-item-with-image av-grid-img' title=\"Gospoda \u201c8 ryb\u201d\"  itemscope=\"itemscope\" itemtype=\"https:\/\/schema.org\/CreativeWork\" ><div class='av-inner-masonry-sizer'><\/div><figure class='av-inner-masonry main_color'><div class=\"av-masonry-outerimage-container\"><div class=\"av-masonry-image-container\" style=\"background-image: url(https:\/\/www.ozbud.com.pl\/wp-content\/uploads\/2018\/03\/8-ryb-01-705x470.jpg);\"><img decoding=\"async\" src=\"https:\/\/www.ozbud.com.pl\/wp-content\/uploads\/2018\/03\/8-ryb-01-705x470.jpg\" title=\"8-ryb-01\" alt=\"\" \/><\/div><\/div><figcaption class='av-inner-masonry-content site-background'><div class='av-inner-masonry-content-pos'><div class='av-inner-masonry-content-pos-content'><div class='avia-arrow'><\/div><h3 class='av-masonry-entry-title entry-title'  itemprop=\"headline\" >Gospoda \u201c8 ryb\u201d<\/h3><\/div><\/div><\/figcaption><\/figure><\/a><!--end av-masonry entry--><a href=\"https:\/\/www.ozbud.com.pl\/index.php\/realizacje\/fabryka-cukru-atm\/\" id='av-masonry-1-item-1775' data-av-masonry-item='1775' class='av-masonry-entry isotope-item post-1775 portfolio type-portfolio status-publish has-post-thumbnail hentry portfolio_entries-budownictwo-przemyslowe portfolio_entries-obiekty-uzytecznosci-publicznej portfolio_entries-remonty-i-renowacje  av-masonry-item-with-image av-grid-img' title=\"Fabryka Cukru\"  itemscope=\"itemscope\" itemtype=\"https:\/\/schema.org\/CreativeWork\" ><div class='av-inner-masonry-sizer'><\/div><figure class='av-inner-masonry main_color'><div class=\"av-masonry-outerimage-container\"><div class=\"av-masonry-image-container\" style=\"background-image: url(https:\/\/www.ozbud.com.pl\/wp-content\/uploads\/2018\/05\/budynek-przemyslowy-fabryka-cukru-0016-705x528.jpg);\"><img decoding=\"async\" src=\"https:\/\/www.ozbud.com.pl\/wp-content\/uploads\/2018\/05\/budynek-przemyslowy-fabryka-cukru-0016-705x528.jpg\" title=\"budynek-przemyslowy-fabryka-cukru-0016\" alt=\"\" \/><\/div><\/div><figcaption class='av-inner-masonry-content site-background'><div class='av-inner-masonry-content-pos'><div class='av-inner-masonry-content-pos-content'><div class='avia-arrow'><\/div><h3 class='av-masonry-entry-title entry-title'  itemprop=\"headline\" >Fabryka Cukru<\/h3><\/div><\/div><\/figcaption><\/figure><\/a><!--end av-masonry entry--><a href=\"https:\/\/www.ozbud.com.pl\/index.php\/de\/realizacje\/fabryka-cukru-atm-de\/\" id='av-masonry-1-item-1852' data-av-masonry-item='1852' class='av-masonry-entry isotope-item post-1852 portfolio type-portfolio status-publish has-post-thumbnail hentry portfolio_entries-industriegebaeude  av-masonry-item-with-image av-grid-img' title=\"Fabryka Cukru\"  itemscope=\"itemscope\" itemtype=\"https:\/\/schema.org\/CreativeWork\" ><div class='av-inner-masonry-sizer'><\/div><figure class='av-inner-masonry main_color'><div class=\"av-masonry-outerimage-container\"><div class=\"av-masonry-image-container\" style=\"background-image: url(https:\/\/www.ozbud.com.pl\/wp-content\/uploads\/2018\/05\/budynek-przemyslowy-fabryka-cukru-0016-705x528.jpg);\"><img decoding=\"async\" src=\"https:\/\/www.ozbud.com.pl\/wp-content\/uploads\/2018\/05\/budynek-przemyslowy-fabryka-cukru-0016-705x528.jpg\" title=\"budynek-przemyslowy-fabryka-cukru-0016\" alt=\"\" \/><\/div><\/div><figcaption class='av-inner-masonry-content site-background'><div class='av-inner-masonry-content-pos'><div class='av-inner-masonry-content-pos-content'><div class='avia-arrow'><\/div><h3 class='av-masonry-entry-title entry-title'  itemprop=\"headline\" >Fabryka Cukru<\/h3><\/div><\/div><\/figcaption><\/figure><\/a><!--end av-masonry entry--><a href=\"https:\/\/www.ozbud.com.pl\/index.php\/de\/realizacje\/kompleks-przemyslowy-technisat-de\/\" id='av-masonry-1-item-1849' data-av-masonry-item='1849' class='av-masonry-entry isotope-item post-1849 portfolio type-portfolio status-publish has-post-thumbnail hentry portfolio_entries-industriegebaeude  av-masonry-item-with-image av-grid-img' title=\"Kompleks Przemys\u0142owy Technisat\"  itemscope=\"itemscope\" itemtype=\"https:\/\/schema.org\/CreativeWork\" ><div class='av-inner-masonry-sizer'><\/div><figure class='av-inner-masonry main_color'><div class=\"av-masonry-outerimage-container\"><div class=\"av-masonry-image-container\" style=\"background-image: url(https:\/\/www.ozbud.com.pl\/wp-content\/uploads\/2011\/03\/kompleks-przemyslowy-technisat-1-705x528.jpg);\"><img decoding=\"async\" src=\"https:\/\/www.ozbud.com.pl\/wp-content\/uploads\/2011\/03\/kompleks-przemyslowy-technisat-1-705x528.jpg\" title=\"kompleks-przemyslowy-technisat-1\" alt=\"\" \/><\/div><\/div><figcaption class='av-inner-masonry-content site-background'><div class='av-inner-masonry-content-pos'><div class='av-inner-masonry-content-pos-content'><div class='avia-arrow'><\/div><h3 class='av-masonry-entry-title entry-title'  itemprop=\"headline\" >Kompleks Przemys\u0142owy Technisat<\/h3><\/div><\/div><\/figcaption><\/figure><\/a><!--end av-masonry entry--><a href=\"https:\/\/www.ozbud.com.pl\/index.php\/realizacje\/kompleks-przemyslowy-technisat\/\" id='av-masonry-1-item-937' data-av-masonry-item='937' class='av-masonry-entry isotope-item post-937 portfolio type-portfolio status-publish has-post-thumbnail hentry portfolio_entries-budownictwo-przemyslowe  av-masonry-item-with-image av-grid-img' title=\"Kompleks Przemys\u0142owy Technisat\"  itemscope=\"itemscope\" itemtype=\"https:\/\/schema.org\/CreativeWork\" ><div class='av-inner-masonry-sizer'><\/div><figure class='av-inner-masonry main_color'><div class=\"av-masonry-outerimage-container\"><div class=\"av-masonry-image-container\" style=\"background-image: url(https:\/\/www.ozbud.com.pl\/wp-content\/uploads\/2011\/03\/kompleks-przemyslowy-technisat-1-705x528.jpg);\"><img decoding=\"async\" src=\"https:\/\/www.ozbud.com.pl\/wp-content\/uploads\/2011\/03\/kompleks-przemyslowy-technisat-1-705x528.jpg\" title=\"kompleks-przemyslowy-technisat-1\" alt=\"\" \/><\/div><\/div><figcaption class='av-inner-masonry-content site-background'><div class='av-inner-masonry-content-pos'><div class='av-inner-masonry-content-pos-content'><div class='avia-arrow'><\/div><h3 class='av-masonry-entry-title entry-title'  itemprop=\"headline\" >Kompleks Przemys\u0142owy Technisat<\/h3><\/div><\/div><\/figcaption><\/figure><\/a><!--end av-masonry entry--><a href=\"https:\/\/www.ozbud.com.pl\/index.php\/realizacje\/zaklad-produkcyjny_kessel-hale-stalowe\/\" id='av-masonry-1-item-2230' data-av-masonry-item='2230' class='av-masonry-entry isotope-item post-2230 portfolio type-portfolio status-publish has-post-thumbnail hentry portfolio_entries-budownictwo-przemyslowe  av-masonry-item-with-image av-grid-img' title=\"Zak\u0142ad Produkcyjny Kessel &#8211; Hale Stalowe Astron\"  itemscope=\"itemscope\" itemtype=\"https:\/\/schema.org\/CreativeWork\" ><div class='av-inner-masonry-sizer'><\/div><figure class='av-inner-masonry main_color'><div class=\"av-masonry-outerimage-container\"><div class=\"av-masonry-image-container\" style=\"background-image: url(https:\/\/www.ozbud.com.pl\/wp-content\/uploads\/2019\/02\/hale-stalowe-budownictwo-przemys\u0142owe_Kessel-3-705x528.jpg);\"><img decoding=\"async\" src=\"https:\/\/www.ozbud.com.pl\/wp-content\/uploads\/2019\/02\/hale-stalowe-budownictwo-przemys\u0142owe_Kessel-3-705x528.jpg\" title=\"hale-stalowe-budownictwo-przemys\u0142owe_Kessel (3)\" alt=\"hale-stalowe-budownictwo-przemys\u0142owe_Kessel (3)\" \/><\/div><\/div><figcaption class='av-inner-masonry-content site-background'><div class='av-inner-masonry-content-pos'><div class='av-inner-masonry-content-pos-content'><div class='avia-arrow'><\/div><h3 class='av-masonry-entry-title entry-title'  itemprop=\"headline\" >Zak\u0142ad Produkcyjny Kessel &#8211; Hale Stalowe Astron<\/h3><\/div><\/div><\/figcaption><\/figure><\/a><!--end av-masonry entry--><a href=\"https:\/\/www.ozbud.com.pl\/index.php\/de\/realizacje\/goszcz-de\/\" id='av-masonry-1-item-1573' data-av-masonry-item='1573' class='av-masonry-entry isotope-item post-1573 portfolio type-portfolio status-publish has-post-thumbnail hentry portfolio_entries-dachdeckerarbeiten portfolio_entries-modernisierungen-und-renovierungen  av-masonry-item-with-image av-grid-img' title=\"Goszcz\"  itemscope=\"itemscope\" itemtype=\"https:\/\/schema.org\/CreativeWork\" ><div class='av-inner-masonry-sizer'><\/div><figure class='av-inner-masonry main_color'><div class=\"av-masonry-outerimage-container\"><div class=\"av-masonry-image-container\" style=\"background-image: url(https:\/\/www.ozbud.com.pl\/wp-content\/uploads\/2018\/03\/ozbud-goszcz-8-705x529.jpg);\"><img decoding=\"async\" src=\"https:\/\/www.ozbud.com.pl\/wp-content\/uploads\/2018\/03\/ozbud-goszcz-8-705x529.jpg\" title=\"ozbud-goszcz (8)\" alt=\"\" \/><\/div><\/div><figcaption class='av-inner-masonry-content site-background'><div class='av-inner-masonry-content-pos'><div class='av-inner-masonry-content-pos-content'><div class='avia-arrow'><\/div><h3 class='av-masonry-entry-title entry-title'  itemprop=\"headline\" >Goszcz<\/h3><\/div><\/div><\/figcaption><\/figure><\/a><!--end av-masonry entry--><a href=\"https:\/\/www.ozbud.com.pl\/index.php\/de\/realizacje\/dom-pomocy-spolecznej-de\/\" id='av-masonry-1-item-1576' data-av-masonry-item='1576' class='av-masonry-entry isotope-item post-1576 portfolio type-portfolio status-publish has-post-thumbnail hentry portfolio_entries-modernisierungen-und-renovierungen portfolio_entries-oeffentliche-gebaeude  av-masonry-item-with-image av-grid-img' title=\"Dom Pomocy Spo\u0142ecznej w \u015awiebodzicach\"  itemscope=\"itemscope\" itemtype=\"https:\/\/schema.org\/CreativeWork\" ><div class='av-inner-masonry-sizer'><\/div><figure class='av-inner-masonry main_color'><div class=\"av-masonry-outerimage-container\"><div class=\"av-masonry-image-container\" style=\"background-image: url(https:\/\/www.ozbud.com.pl\/wp-content\/uploads\/2018\/03\/ozbud-swiebodzice-01-705x529.jpg);\"><img decoding=\"async\" src=\"https:\/\/www.ozbud.com.pl\/wp-content\/uploads\/2018\/03\/ozbud-swiebodzice-01-705x529.jpg\" title=\"ozbud-swiebodzice-01\" alt=\"\" \/><\/div><\/div><figcaption class='av-inner-masonry-content site-background'><div class='av-inner-masonry-content-pos'><div class='av-inner-masonry-content-pos-content'><div class='avia-arrow'><\/div><h3 class='av-masonry-entry-title entry-title'  itemprop=\"headline\" >Dom Pomocy Spo\u0142ecznej w \u015awiebodzicach<\/h3><\/div><\/div><\/figcaption><\/figure><\/a><!--end av-masonry entry--><a href=\"https:\/\/www.ozbud.com.pl\/index.php\/de\/realizacje\/biblioteka-pwr-de\/\" id='av-masonry-1-item-1577' data-av-masonry-item='1577' class='av-masonry-entry isotope-item post-1577 portfolio type-portfolio status-publish has-post-thumbnail hentry portfolio_entries-modernisierungen-und-renovierungen portfolio_entries-oeffentliche-gebaeude  av-masonry-item-with-image av-grid-img' title=\"Biblioteka PWr\"  itemscope=\"itemscope\" itemtype=\"https:\/\/schema.org\/CreativeWork\" ><div class='av-inner-masonry-sizer'><\/div><figure class='av-inner-masonry main_color'><div class=\"av-masonry-outerimage-container\"><div class=\"av-masonry-image-container\" style=\"background-image: url(https:\/\/www.ozbud.com.pl\/wp-content\/uploads\/2018\/03\/ozbud-biblioteka-pwr-01-705x470.jpg);\"><img decoding=\"async\" src=\"https:\/\/www.ozbud.com.pl\/wp-content\/uploads\/2018\/03\/ozbud-biblioteka-pwr-01-705x470.jpg\" title=\"ozbud-biblioteka-pwr-01\" alt=\"\" \/><\/div><\/div><figcaption class='av-inner-masonry-content site-background'><div class='av-inner-masonry-content-pos'><div class='av-inner-masonry-content-pos-content'><div class='avia-arrow'><\/div><h3 class='av-masonry-entry-title entry-title'  itemprop=\"headline\" >Biblioteka PWr<\/h3><\/div><\/div><\/figcaption><\/figure><\/a><!--end av-masonry entry--><a href=\"https:\/\/www.ozbud.com.pl\/index.php\/de\/realizacje\/hala-w7-w-kompleksie-wpt-de\/\" id='av-masonry-1-item-1854' data-av-masonry-item='1854' class='av-masonry-entry isotope-item post-1854 portfolio type-portfolio status-publish has-post-thumbnail hentry portfolio_entries-industriegebaeude  av-masonry-item-with-image av-grid-img' title=\"Hala W7 w kompleksie WPT\"  itemscope=\"itemscope\" itemtype=\"https:\/\/schema.org\/CreativeWork\" ><div class='av-inner-masonry-sizer'><\/div><figure class='av-inner-masonry main_color'><div class=\"av-masonry-outerimage-container\"><div class=\"av-masonry-image-container\" style=\"background-image: url(https:\/\/www.ozbud.com.pl\/wp-content\/uploads\/2018\/02\/hala-przemys\u0142owa-W7-DJI_0149-HDR-705x528.jpg);\"><img decoding=\"async\" src=\"https:\/\/www.ozbud.com.pl\/wp-content\/uploads\/2018\/02\/hala-przemys\u0142owa-W7-DJI_0149-HDR-705x528.jpg\" title=\"hala-przemys\u0142owa-W7-DJI_0149-HDR\" alt=\"\" \/><\/div><\/div><figcaption class='av-inner-masonry-content site-background'><div class='av-inner-masonry-content-pos'><div class='av-inner-masonry-content-pos-content'><div class='avia-arrow'><\/div><h3 class='av-masonry-entry-title entry-title'  itemprop=\"headline\" >Hala W7 w kompleksie WPT<\/h3><\/div><\/div><\/figcaption><\/figure><\/a><!--end av-masonry entry--><a href=\"https:\/\/www.ozbud.com.pl\/index.php\/de\/realizacje\/pulaskiego-park-de\/\" id='av-masonry-1-item-1574' data-av-masonry-item='1574' class='av-masonry-entry isotope-item post-1574 portfolio type-portfolio status-publish has-post-thumbnail hentry portfolio_entries-wohnungsbau  av-masonry-item-with-image av-grid-img' title=\"Pu\u0142askiego Park\"  itemscope=\"itemscope\" itemtype=\"https:\/\/schema.org\/CreativeWork\" ><div class='av-inner-masonry-sizer'><\/div><figure class='av-inner-masonry main_color'><div class=\"av-masonry-outerimage-container\"><div class=\"av-masonry-image-container\" style=\"background-image: url(https:\/\/www.ozbud.com.pl\/wp-content\/uploads\/2018\/03\/ozbud-pulaskiego-01-705x470.jpg);\"><img decoding=\"async\" src=\"https:\/\/www.ozbud.com.pl\/wp-content\/uploads\/2018\/03\/ozbud-pulaskiego-01-705x470.jpg\" title=\"ozbud-pulaskiego-01\" alt=\"\" \/><\/div><\/div><figcaption class='av-inner-masonry-content site-background'><div class='av-inner-masonry-content-pos'><div class='av-inner-masonry-content-pos-content'><div class='avia-arrow'><\/div><h3 class='av-masonry-entry-title entry-title'  itemprop=\"headline\" >Pu\u0142askiego Park<\/h3><\/div><\/div><\/figcaption><\/figure><\/a><!--end av-masonry entry--><a href=\"https:\/\/www.ozbud.com.pl\/index.php\/de\/realizacje\/gospoda-8-ryb-de\/\" id='av-masonry-1-item-1578' data-av-masonry-item='1578' class='av-masonry-entry isotope-item post-1578 portfolio type-portfolio status-publish has-post-thumbnail hentry portfolio_entries-oeffentliche-gebaeude  av-masonry-item-with-image av-grid-img' title=\"Gospoda \u201c8 ryb\u201d\"  itemscope=\"itemscope\" itemtype=\"https:\/\/schema.org\/CreativeWork\" ><div class='av-inner-masonry-sizer'><\/div><figure class='av-inner-masonry main_color'><div class=\"av-masonry-outerimage-container\"><div class=\"av-masonry-image-container\" style=\"background-image: url(https:\/\/www.ozbud.com.pl\/wp-content\/uploads\/2018\/03\/8-ryb-01-705x470.jpg);\"><img decoding=\"async\" src=\"https:\/\/www.ozbud.com.pl\/wp-content\/uploads\/2018\/03\/8-ryb-01-705x470.jpg\" title=\"8-ryb-01\" alt=\"\" \/><\/div><\/div><figcaption class='av-inner-masonry-content site-background'><div class='av-inner-masonry-content-pos'><div class='av-inner-masonry-content-pos-content'><div class='avia-arrow'><\/div><h3 class='av-masonry-entry-title entry-title'  itemprop=\"headline\" >Gospoda \u201c8 ryb\u201d<\/h3><\/div><\/div><\/figcaption><\/figure><\/a><!--end av-masonry entry--><a href=\"https:\/\/www.ozbud.com.pl\/index.php\/de\/realizacje\/szkola-wroclaw-de\/\" id='av-masonry-1-item-1584' data-av-masonry-item='1584' class='av-masonry-entry isotope-item post-1584 portfolio type-portfolio status-publish has-post-thumbnail hentry portfolio_entries-oeffentliche-gebaeude  av-masonry-item-with-image av-grid-img' title=\"Szko\u0142a we Wroclawiu\"  itemscope=\"itemscope\" itemtype=\"https:\/\/schema.org\/CreativeWork\" ><div class='av-inner-masonry-sizer'><\/div><figure class='av-inner-masonry main_color'><div class=\"av-masonry-outerimage-container\"><div class=\"av-masonry-image-container\" style=\"background-image: url(https:\/\/www.ozbud.com.pl\/wp-content\/uploads\/2018\/03\/001-3-705x470.jpg);\"><img decoding=\"async\" src=\"https:\/\/www.ozbud.com.pl\/wp-content\/uploads\/2018\/03\/001-3-705x470.jpg\" title=\"001\" alt=\"\" \/><\/div><\/div><figcaption class='av-inner-masonry-content site-background'><div class='av-inner-masonry-content-pos'><div class='av-inner-masonry-content-pos-content'><div class='avia-arrow'><\/div><h3 class='av-masonry-entry-title entry-title'  itemprop=\"headline\" >Szko\u0142a we Wroclawiu<\/h3><\/div><\/div><\/figcaption><\/figure><\/a><!--end av-masonry entry--><a href=\"https:\/\/www.ozbud.com.pl\/index.php\/de\/realizacje\/szkola-kamienskiego-de\/\" id='av-masonry-1-item-1585' data-av-masonry-item='1585' class='av-masonry-entry isotope-item post-1585 portfolio type-portfolio status-publish has-post-thumbnail hentry portfolio_entries-oeffentliche-gebaeude  av-masonry-item-with-image av-grid-img' title=\"Szko\u0142a przy ul. Kamie\u0144skiego\"  itemscope=\"itemscope\" itemtype=\"https:\/\/schema.org\/CreativeWork\" ><div class='av-inner-masonry-sizer'><\/div><figure class='av-inner-masonry main_color'><div class=\"av-masonry-outerimage-container\"><div class=\"av-masonry-image-container\" style=\"background-image: url(https:\/\/www.ozbud.com.pl\/wp-content\/uploads\/2018\/03\/001-2-705x469.jpg);\"><img decoding=\"async\" src=\"https:\/\/www.ozbud.com.pl\/wp-content\/uploads\/2018\/03\/001-2-705x469.jpg\" title=\"001\" alt=\"\" \/><\/div><\/div><figcaption class='av-inner-masonry-content site-background'><div class='av-inner-masonry-content-pos'><div class='av-inner-masonry-content-pos-content'><div class='avia-arrow'><\/div><h3 class='av-masonry-entry-title entry-title'  itemprop=\"headline\" >Szko\u0142a przy ul. Kamie\u0144skiego<\/h3><\/div><\/div><\/figcaption><\/figure><\/a><!--end av-masonry entry--><a href=\"https:\/\/www.ozbud.com.pl\/index.php\/realizacje\/szkola-wroclaw\/\" id='av-masonry-1-item-1080' data-av-masonry-item='1080' class='av-masonry-entry isotope-item post-1080 portfolio type-portfolio status-publish has-post-thumbnail hentry portfolio_entries-obiekty-uzytecznosci-publicznej  av-masonry-item-with-image av-grid-img' title=\"Szko\u0142a we Wroclawiu\"  itemscope=\"itemscope\" itemtype=\"https:\/\/schema.org\/CreativeWork\" ><div class='av-inner-masonry-sizer'><\/div><figure class='av-inner-masonry main_color'><div class=\"av-masonry-outerimage-container\"><div class=\"av-masonry-image-container\" style=\"background-image: url(https:\/\/www.ozbud.com.pl\/wp-content\/uploads\/2018\/03\/001-3-705x470.jpg);\"><img decoding=\"async\" src=\"https:\/\/www.ozbud.com.pl\/wp-content\/uploads\/2018\/03\/001-3-705x470.jpg\" title=\"001\" alt=\"\" \/><\/div><\/div><figcaption class='av-inner-masonry-content site-background'><div class='av-inner-masonry-content-pos'><div class='av-inner-masonry-content-pos-content'><div class='avia-arrow'><\/div><h3 class='av-masonry-entry-title entry-title'  itemprop=\"headline\" >Szko\u0142a we Wroclawiu<\/h3><\/div><\/div><\/figcaption><\/figure><\/a><!--end av-masonry entry--><a href=\"https:\/\/www.ozbud.com.pl\/index.php\/realizacje\/szkola-kamienskiego\/\" id='av-masonry-1-item-1042' data-av-masonry-item='1042' class='av-masonry-entry isotope-item post-1042 portfolio type-portfolio status-publish has-post-thumbnail hentry portfolio_entries-obiekty-uzytecznosci-publicznej  av-masonry-item-with-image av-grid-img' title=\"Szko\u0142a przy ul. Kamie\u0144skiego\"  itemscope=\"itemscope\" itemtype=\"https:\/\/schema.org\/CreativeWork\" ><div class='av-inner-masonry-sizer'><\/div><figure class='av-inner-masonry main_color'><div class=\"av-masonry-outerimage-container\"><div class=\"av-masonry-image-container\" style=\"background-image: url(https:\/\/www.ozbud.com.pl\/wp-content\/uploads\/2018\/03\/001-2-705x469.jpg);\"><img decoding=\"async\" src=\"https:\/\/www.ozbud.com.pl\/wp-content\/uploads\/2018\/03\/001-2-705x469.jpg\" title=\"001\" alt=\"\" \/><\/div><\/div><figcaption class='av-inner-masonry-content site-background'><div class='av-inner-masonry-content-pos'><div class='av-inner-masonry-content-pos-content'><div class='avia-arrow'><\/div><h3 class='av-masonry-entry-title entry-title'  itemprop=\"headline\" >Szko\u0142a przy ul. Kamie\u0144skiego<\/h3><\/div><\/div><\/figcaption><\/figure><\/a><!--end av-masonry entry--><a href=\"https:\/\/www.ozbud.com.pl\/index.php\/de\/realizacje\/osiedle-w-obornikach-slaskich-de\/\" id='av-masonry-1-item-1575' data-av-masonry-item='1575' class='av-masonry-entry isotope-item post-1575 portfolio type-portfolio status-publish has-post-thumbnail hentry portfolio_entries-wohnungsbau  av-masonry-item-with-image av-grid-img' title=\"Osiedle w Obornikach \u015al\u0105skich\"  itemscope=\"itemscope\" itemtype=\"https:\/\/schema.org\/CreativeWork\" ><div class='av-inner-masonry-sizer'><\/div><figure class='av-inner-masonry main_color'><div class=\"av-masonry-outerimage-container\"><div class=\"av-masonry-image-container\" style=\"background-image: url(https:\/\/www.ozbud.com.pl\/wp-content\/uploads\/2018\/03\/ozbud-oborniki-1-705x470.jpg);\"><img decoding=\"async\" src=\"https:\/\/www.ozbud.com.pl\/wp-content\/uploads\/2018\/03\/ozbud-oborniki-1-705x470.jpg\" title=\"ozbud-oborniki (1)\" alt=\"\" \/><\/div><\/div><figcaption class='av-inner-masonry-content site-background'><div class='av-inner-masonry-content-pos'><div class='av-inner-masonry-content-pos-content'><div class='avia-arrow'><\/div><h3 class='av-masonry-entry-title entry-title'  itemprop=\"headline\" >Osiedle w Obornikach \u015al\u0105skich<\/h3><\/div><\/div><\/figcaption><\/figure><\/a><!--end av-masonry entry--><a href=\"https:\/\/www.ozbud.com.pl\/index.php\/de\/realizacje\/osrodek-wspolpracy-europejskiej-de\/\" id='av-masonry-1-item-1586' data-av-masonry-item='1586' class='av-masonry-entry isotope-item post-1586 portfolio type-portfolio status-publish has-post-thumbnail hentry portfolio_entries-oeffentliche-gebaeude  av-masonry-item-with-image av-grid-img' title=\"O\u015brodek Wsp\u00f3\u0142pracy Europejskiej\"  itemscope=\"itemscope\" itemtype=\"https:\/\/schema.org\/CreativeWork\" ><div class='av-inner-masonry-sizer'><\/div><figure class='av-inner-masonry main_color'><div class=\"av-masonry-outerimage-container\"><div class=\"av-masonry-image-container\" style=\"background-image: url(https:\/\/www.ozbud.com.pl\/wp-content\/uploads\/2018\/03\/003-2-705x443.jpg);\"><img decoding=\"async\" src=\"https:\/\/www.ozbud.com.pl\/wp-content\/uploads\/2018\/03\/003-2-705x443.jpg\" title=\"003\" alt=\"\" \/><\/div><\/div><figcaption class='av-inner-masonry-content site-background'><div class='av-inner-masonry-content-pos'><div class='av-inner-masonry-content-pos-content'><div class='avia-arrow'><\/div><h3 class='av-masonry-entry-title entry-title'  itemprop=\"headline\" >O\u015brodek Wsp\u00f3\u0142pracy Europejskiej<\/h3><\/div><\/div><\/figcaption><\/figure><\/a><!--end av-masonry entry--><a href=\"https:\/\/www.ozbud.com.pl\/index.php\/de\/realizacje\/budynek-hotelowy-topacz-de\/\" id='av-masonry-1-item-1587' data-av-masonry-item='1587' class='av-masonry-entry isotope-item post-1587 portfolio type-portfolio status-publish has-post-thumbnail hentry portfolio_entries-modernisierungen-und-renovierungen portfolio_entries-oeffentliche-gebaeude  av-masonry-item-with-image av-grid-img' title=\"Budynek Hotelowy Topacz\"  itemscope=\"itemscope\" itemtype=\"https:\/\/schema.org\/CreativeWork\" ><div class='av-inner-masonry-sizer'><\/div><figure class='av-inner-masonry main_color'><div class=\"av-masonry-outerimage-container\"><div class=\"av-masonry-image-container\" style=\"background-image: url(https:\/\/www.ozbud.com.pl\/wp-content\/uploads\/2018\/03\/002-705x470.jpg);\"><img decoding=\"async\" src=\"https:\/\/www.ozbud.com.pl\/wp-content\/uploads\/2018\/03\/002-705x470.jpg\" title=\"002\" alt=\"\" \/><\/div><\/div><figcaption class='av-inner-masonry-content site-background'><div class='av-inner-masonry-content-pos'><div class='av-inner-masonry-content-pos-content'><div class='avia-arrow'><\/div><h3 class='av-masonry-entry-title entry-title'  itemprop=\"headline\" >Budynek Hotelowy Topacz<\/h3><\/div><\/div><\/figcaption><\/figure><\/a><!--end av-masonry entry--><a href=\"https:\/\/www.ozbud.com.pl\/index.php\/de\/realizacje\/remont-budynku-wpt-de\/\" id='av-masonry-1-item-1588' data-av-masonry-item='1588' class='av-masonry-entry isotope-item post-1588 portfolio type-portfolio status-publish has-post-thumbnail hentry portfolio_entries-industriegebaeude  av-masonry-item-with-image av-grid-img' title=\"Remont Budynku Biurowego WPT\"  itemscope=\"itemscope\" itemtype=\"https:\/\/schema.org\/CreativeWork\" ><div class='av-inner-masonry-sizer'><\/div><figure class='av-inner-masonry main_color'><div class=\"av-masonry-outerimage-container\"><div class=\"av-masonry-image-container\" style=\"background-image: url(https:\/\/www.ozbud.com.pl\/wp-content\/uploads\/2018\/03\/remont-budynku-wpp-6-705x470.jpg);\"><img decoding=\"async\" src=\"https:\/\/www.ozbud.com.pl\/wp-content\/uploads\/2018\/03\/remont-budynku-wpp-6-705x470.jpg\" title=\"remont-budynku-wpp (6)\" alt=\"\" \/><\/div><\/div><figcaption class='av-inner-masonry-content site-background'><div class='av-inner-masonry-content-pos'><div class='av-inner-masonry-content-pos-content'><div class='avia-arrow'><\/div><h3 class='av-masonry-entry-title entry-title'  itemprop=\"headline\" >Remont Budynku Biurowego WPT<\/h3><\/div><\/div><\/figcaption><\/figure><\/a><!--end av-masonry entry--><a href=\"https:\/\/www.ozbud.com.pl\/index.php\/de\/realizacje\/budynek-izby-architektow-de\/\" id='av-masonry-1-item-1589' data-av-masonry-item='1589' class='av-masonry-entry isotope-item post-1589 portfolio type-portfolio status-publish has-post-thumbnail hentry portfolio_entries-modernisierungen-und-renovierungen portfolio_entries-oeffentliche-gebaeude  av-masonry-item-with-image av-grid-img' title=\"Budynek Izby Architekt\u00f3w\"  itemscope=\"itemscope\" itemtype=\"https:\/\/schema.org\/CreativeWork\" ><div class='av-inner-masonry-sizer'><\/div><figure class='av-inner-masonry main_color'><div class=\"av-masonry-outerimage-container\"><div class=\"av-masonry-image-container\" style=\"background-image: url(https:\/\/www.ozbud.com.pl\/wp-content\/uploads\/2018\/03\/izba-architektow-01-705x470.jpg);\"><img decoding=\"async\" src=\"https:\/\/www.ozbud.com.pl\/wp-content\/uploads\/2018\/03\/izba-architektow-01-705x470.jpg\" title=\"izba-architektow-01\" alt=\"\" \/><\/div><\/div><figcaption class='av-inner-masonry-content site-background'><div class='av-inner-masonry-content-pos'><div class='av-inner-masonry-content-pos-content'><div class='avia-arrow'><\/div><h3 class='av-masonry-entry-title entry-title'  itemprop=\"headline\" >Budynek Izby Architekt\u00f3w<\/h3><\/div><\/div><\/figcaption><\/figure><\/a><!--end av-masonry entry--><a href=\"https:\/\/www.ozbud.com.pl\/index.php\/realizacje\/osrodek-wspolpracy-europejskiej\/\" id='av-masonry-1-item-1071' data-av-masonry-item='1071' class='av-masonry-entry isotope-item post-1071 portfolio type-portfolio status-publish has-post-thumbnail hentry portfolio_entries-obiekty-uzytecznosci-publicznej  av-masonry-item-with-image av-grid-img' title=\"O\u015brodek Wsp\u00f3\u0142pracy Europejskiej\"  itemscope=\"itemscope\" itemtype=\"https:\/\/schema.org\/CreativeWork\" ><div class='av-inner-masonry-sizer'><\/div><figure class='av-inner-masonry main_color'><div class=\"av-masonry-outerimage-container\"><div class=\"av-masonry-image-container\" style=\"background-image: url(https:\/\/www.ozbud.com.pl\/wp-content\/uploads\/2018\/03\/003-2-705x443.jpg);\"><img decoding=\"async\" src=\"https:\/\/www.ozbud.com.pl\/wp-content\/uploads\/2018\/03\/003-2-705x443.jpg\" title=\"003\" alt=\"\" \/><\/div><\/div><figcaption class='av-inner-masonry-content site-background'><div class='av-inner-masonry-content-pos'><div class='av-inner-masonry-content-pos-content'><div class='avia-arrow'><\/div><h3 class='av-masonry-entry-title entry-title'  itemprop=\"headline\" >O\u015brodek Wsp\u00f3\u0142pracy Europejskiej<\/h3><\/div><\/div><\/figcaption><\/figure><\/a><!--end av-masonry entry--><a href=\"https:\/\/www.ozbud.com.pl\/index.php\/realizacje\/budynek-hotelowy-topacz\/\" id='av-masonry-1-item-1034' data-av-masonry-item='1034' class='av-masonry-entry isotope-item post-1034 portfolio type-portfolio status-publish has-post-thumbnail hentry portfolio_entries-obiekty-uzytecznosci-publicznej  av-masonry-item-with-image av-grid-img' title=\"Budynek Hotelowy Topacz\"  itemscope=\"itemscope\" itemtype=\"https:\/\/schema.org\/CreativeWork\" ><div class='av-inner-masonry-sizer'><\/div><figure class='av-inner-masonry main_color'><div class=\"av-masonry-outerimage-container\"><div class=\"av-masonry-image-container\" style=\"background-image: url(https:\/\/www.ozbud.com.pl\/wp-content\/uploads\/2018\/03\/002-705x470.jpg);\"><img decoding=\"async\" src=\"https:\/\/www.ozbud.com.pl\/wp-content\/uploads\/2018\/03\/002-705x470.jpg\" title=\"002\" alt=\"\" \/><\/div><\/div><figcaption class='av-inner-masonry-content site-background'><div class='av-inner-masonry-content-pos'><div class='av-inner-masonry-content-pos-content'><div class='avia-arrow'><\/div><h3 class='av-masonry-entry-title entry-title'  itemprop=\"headline\" >Budynek Hotelowy Topacz<\/h3><\/div><\/div><\/figcaption><\/figure><\/a><!--end av-masonry entry--><a href=\"https:\/\/www.ozbud.com.pl\/index.php\/realizacje\/remont-budynku-wpt\/\" id='av-masonry-1-item-553' data-av-masonry-item='553' class='av-masonry-entry isotope-item post-553 portfolio type-portfolio status-publish has-post-thumbnail hentry portfolio_entries-budownictwo-przemyslowe portfolio_entries-remonty-i-renowacje  av-masonry-item-with-image av-grid-img' title=\"Remont Budynku Biurowego WPT\"  itemscope=\"itemscope\" itemtype=\"https:\/\/schema.org\/CreativeWork\" ><div class='av-inner-masonry-sizer'><\/div><figure class='av-inner-masonry main_color'><div class=\"av-masonry-outerimage-container\"><div class=\"av-masonry-image-container\" style=\"background-image: url(https:\/\/www.ozbud.com.pl\/wp-content\/uploads\/2018\/03\/remont-budynku-wpp-6-705x470.jpg);\"><img decoding=\"async\" src=\"https:\/\/www.ozbud.com.pl\/wp-content\/uploads\/2018\/03\/remont-budynku-wpp-6-705x470.jpg\" title=\"remont-budynku-wpp (6)\" alt=\"\" \/><\/div><\/div><figcaption class='av-inner-masonry-content site-background'><div class='av-inner-masonry-content-pos'><div class='av-inner-masonry-content-pos-content'><div class='avia-arrow'><\/div><h3 class='av-masonry-entry-title entry-title'  itemprop=\"headline\" >Remont Budynku Biurowego WPT<\/h3><\/div><\/div><\/figcaption><\/figure><\/a><!--end av-masonry entry--><a href=\"https:\/\/www.ozbud.com.pl\/index.php\/realizacje\/budynek-izby-architektow\/\" id='av-masonry-1-item-451' data-av-masonry-item='451' class='av-masonry-entry isotope-item post-451 portfolio type-portfolio status-publish has-post-thumbnail hentry portfolio_entries-obiekty-uzytecznosci-publicznej portfolio_entries-remonty-i-renowacje  av-masonry-item-with-image av-landscape-img' title=\"Budynek Izby Architekt\u00f3w\"  itemscope=\"itemscope\" itemtype=\"https:\/\/schema.org\/CreativeWork\" ><div class='av-inner-masonry-sizer'><\/div><figure class='av-inner-masonry main_color'><div class=\"av-masonry-outerimage-container\"><div class=\"av-masonry-image-container\" style=\"background-image: url(https:\/\/www.ozbud.com.pl\/wp-content\/uploads\/2014\/03\/izba-architekt\u00f3w-budynek-zabytkowy-odbudowa-1-705x308.jpg);\"><img decoding=\"async\" src=\"https:\/\/www.ozbud.com.pl\/wp-content\/uploads\/2014\/03\/izba-architekt\u00f3w-budynek-zabytkowy-odbudowa-1-705x308.jpg\" title=\"izba-architekt\u00f3w-budynek-zabytkowy-odbudowa-1\" alt=\"izba-architekt\u00f3w-budynek-zabytkowy-odbudowa-1\" \/><\/div><\/div><figcaption class='av-inner-masonry-content site-background'><div class='av-inner-masonry-content-pos'><div class='av-inner-masonry-content-pos-content'><div class='avia-arrow'><\/div><h3 class='av-masonry-entry-title entry-title'  itemprop=\"headline\" >Budynek Izby Architekt\u00f3w<\/h3><\/div><\/div><\/figcaption><\/figure><\/a><!--end av-masonry entry--><a href=\"https:\/\/www.ozbud.com.pl\/index.php\/realizacje\/hala-w7-w-kompleksie-wpt\/\" id='av-masonry-1-item-193' data-av-masonry-item='193' class='av-masonry-entry isotope-item post-193 portfolio type-portfolio status-publish has-post-thumbnail hentry portfolio_entries-budownictwo-przemyslowe  av-masonry-item-with-image av-grid-img' title=\"Hala W7 w kompleksie WPT\"  itemscope=\"itemscope\" itemtype=\"https:\/\/schema.org\/CreativeWork\" ><div class='av-inner-masonry-sizer'><\/div><figure class='av-inner-masonry main_color'><div class=\"av-masonry-outerimage-container\"><div class=\"av-masonry-image-container\" style=\"background-image: url(https:\/\/www.ozbud.com.pl\/wp-content\/uploads\/2018\/02\/hala-przemys\u0142owa-W7-DJI_0149-HDR-705x528.jpg);\"><img decoding=\"async\" src=\"https:\/\/www.ozbud.com.pl\/wp-content\/uploads\/2018\/02\/hala-przemys\u0142owa-W7-DJI_0149-HDR-705x528.jpg\" title=\"hala-przemys\u0142owa-W7-DJI_0149-HDR\" alt=\"\" \/><\/div><\/div><figcaption class='av-inner-masonry-content site-background'><div class='av-inner-masonry-content-pos'><div class='av-inner-masonry-content-pos-content'><div class='avia-arrow'><\/div><h3 class='av-masonry-entry-title entry-title'  itemprop=\"headline\" >Hala W7 w kompleksie WPT<\/h3><\/div><\/div><\/figcaption><\/figure><\/a><!--end av-masonry entry--><a href=\"https:\/\/www.ozbud.com.pl\/index.php\/de\/realizacje\/komenda-policji-rydygiera-de\/\" id='av-masonry-1-item-1590' data-av-masonry-item='1590' class='av-masonry-entry isotope-item post-1590 portfolio type-portfolio status-publish has-post-thumbnail hentry portfolio_entries-modernisierungen-und-renovierungen portfolio_entries-oeffentliche-gebaeude  av-masonry-item-with-image av-grid-img' title=\"Remont Komendy Wojew\u00f3dzkiej Policji przy ul. Rydygiera\"  itemscope=\"itemscope\" itemtype=\"https:\/\/schema.org\/CreativeWork\" ><div class='av-inner-masonry-sizer'><\/div><figure class='av-inner-masonry main_color'><div class=\"av-masonry-outerimage-container\"><div class=\"av-masonry-image-container\" style=\"background-image: url(https:\/\/www.ozbud.com.pl\/wp-content\/uploads\/2018\/03\/2a-705x461.jpeg);\"><img decoding=\"async\" src=\"https:\/\/www.ozbud.com.pl\/wp-content\/uploads\/2018\/03\/2a-705x461.jpeg\" title=\"2a\" alt=\"\" \/><\/div><\/div><figcaption class='av-inner-masonry-content site-background'><div class='av-inner-masonry-content-pos'><div class='av-inner-masonry-content-pos-content'><div class='avia-arrow'><\/div><h3 class='av-masonry-entry-title entry-title'  itemprop=\"headline\" >Remont Komendy Wojew\u00f3dzkiej Policji przy ul. Rydygiera<\/h3><\/div><\/div><\/figcaption><\/figure><\/a><!--end av-masonry entry--><a href=\"https:\/\/www.ozbud.com.pl\/index.php\/de\/realizacje\/hala-sportowa-jawor-de\/\" id='av-masonry-1-item-1591' data-av-masonry-item='1591' class='av-masonry-entry isotope-item post-1591 portfolio type-portfolio status-publish has-post-thumbnail hentry portfolio_entries-industriegebaeude  av-masonry-item-with-image av-landscape-img' title=\"Hala Sportowa w Jaworze\"  itemscope=\"itemscope\" itemtype=\"https:\/\/schema.org\/CreativeWork\" ><div class='av-inner-masonry-sizer'><\/div><figure class='av-inner-masonry main_color'><div class=\"av-masonry-outerimage-container\"><div class=\"av-masonry-image-container\" style=\"background-image: url(https:\/\/www.ozbud.com.pl\/wp-content\/uploads\/2018\/03\/07032012336-1-705x396.jpg);\"><img decoding=\"async\" src=\"https:\/\/www.ozbud.com.pl\/wp-content\/uploads\/2018\/03\/07032012336-1-705x396.jpg\" title=\"07032012336\" alt=\"\" \/><\/div><\/div><figcaption class='av-inner-masonry-content site-background'><div class='av-inner-masonry-content-pos'><div class='av-inner-masonry-content-pos-content'><div class='avia-arrow'><\/div><h3 class='av-masonry-entry-title entry-title'  itemprop=\"headline\" >Hala Sportowa w Jaworze<\/h3><\/div><\/div><\/figcaption><\/figure><\/a><!--end av-masonry entry--><a href=\"https:\/\/www.ozbud.com.pl\/index.php\/de\/realizacje\/hala-sportowa-dziadowa-kloda-de\/\" id='av-masonry-1-item-1592' data-av-masonry-item='1592' class='av-masonry-entry isotope-item post-1592 portfolio type-portfolio status-publish has-post-thumbnail hentry portfolio_entries-oeffentliche-gebaeude  av-masonry-item-with-image av-grid-img' title=\"Hala Sportowa w Dziadowej K\u0142odzie\"  itemscope=\"itemscope\" itemtype=\"https:\/\/schema.org\/CreativeWork\" ><div class='av-inner-masonry-sizer'><\/div><figure class='av-inner-masonry main_color'><div class=\"av-masonry-outerimage-container\"><div class=\"av-masonry-image-container\" style=\"background-image: url(https:\/\/www.ozbud.com.pl\/wp-content\/uploads\/2018\/03\/DSC08394-705x471.jpg);\"><img decoding=\"async\" src=\"https:\/\/www.ozbud.com.pl\/wp-content\/uploads\/2018\/03\/DSC08394-705x471.jpg\" title=\"SONY DSC\" alt=\"\" \/><\/div><\/div><figcaption class='av-inner-masonry-content site-background'><div class='av-inner-masonry-content-pos'><div class='av-inner-masonry-content-pos-content'><div class='avia-arrow'><\/div><h3 class='av-masonry-entry-title entry-title'  itemprop=\"headline\" >Hala Sportowa w Dziadowej K\u0142odzie<\/h3><\/div><\/div><\/figcaption><\/figure><\/a><!--end av-masonry entry--><a href=\"https:\/\/www.ozbud.com.pl\/index.php\/de\/realizacje\/hala-przemyslowa-dozamel-de\/\" id='av-masonry-1-item-1595' data-av-masonry-item='1595' class='av-masonry-entry isotope-item post-1595 portfolio type-portfolio status-publish has-post-thumbnail hentry portfolio_entries-industriegebaeude  av-masonry-item-with-image av-grid-img' title=\"Hala Przemys\u0142owa Dozamel\"  itemscope=\"itemscope\" itemtype=\"https:\/\/schema.org\/CreativeWork\" ><div class='av-inner-masonry-sizer'><\/div><figure class='av-inner-masonry main_color'><div class=\"av-masonry-outerimage-container\"><div class=\"av-masonry-image-container\" style=\"background-image: url(https:\/\/www.ozbud.com.pl\/wp-content\/uploads\/2018\/03\/IMG_4784-1-705x448.jpg);\"><img decoding=\"async\" src=\"https:\/\/www.ozbud.com.pl\/wp-content\/uploads\/2018\/03\/IMG_4784-1-705x448.jpg\" title=\"IMG_4784\" alt=\"\" \/><\/div><\/div><figcaption class='av-inner-masonry-content site-background'><div class='av-inner-masonry-content-pos'><div class='av-inner-masonry-content-pos-content'><div class='avia-arrow'><\/div><h3 class='av-masonry-entry-title entry-title'  itemprop=\"headline\" >Hala Przemys\u0142owa Dozamel<\/h3><\/div><\/div><\/figcaption><\/figure><\/a><!--end av-masonry entry--><a href=\"https:\/\/www.ozbud.com.pl\/index.php\/realizacje\/komenda-policji-rydygiera\/\" id='av-masonry-1-item-1028' data-av-masonry-item='1028' class='av-masonry-entry isotope-item post-1028 portfolio type-portfolio status-publish has-post-thumbnail hentry portfolio_entries-obiekty-uzytecznosci-publicznej portfolio_entries-remonty-i-renowacje  av-masonry-item-with-image av-grid-img' title=\"Remont Komendy Wojew\u00f3dzkiej Policji przy ul. Rydygiera\"  itemscope=\"itemscope\" itemtype=\"https:\/\/schema.org\/CreativeWork\" ><div class='av-inner-masonry-sizer'><\/div><figure class='av-inner-masonry main_color'><div class=\"av-masonry-outerimage-container\"><div class=\"av-masonry-image-container\" style=\"background-image: url(https:\/\/www.ozbud.com.pl\/wp-content\/uploads\/2018\/03\/2a-705x461.jpeg);\"><img decoding=\"async\" src=\"https:\/\/www.ozbud.com.pl\/wp-content\/uploads\/2018\/03\/2a-705x461.jpeg\" title=\"2a\" alt=\"\" \/><\/div><\/div><figcaption class='av-inner-masonry-content site-background'><div class='av-inner-masonry-content-pos'><div class='av-inner-masonry-content-pos-content'><div class='avia-arrow'><\/div><h3 class='av-masonry-entry-title entry-title'  itemprop=\"headline\" >Remont Komendy Wojew\u00f3dzkiej Policji przy ul. Rydygiera<\/h3><\/div><\/div><\/figcaption><\/figure><\/a><!--end av-masonry entry--><a href=\"https:\/\/www.ozbud.com.pl\/index.php\/realizacje\/hala-sportowa-jawor\/\" id='av-masonry-1-item-1020' data-av-masonry-item='1020' class='av-masonry-entry isotope-item post-1020 portfolio type-portfolio status-publish has-post-thumbnail hentry portfolio_entries-obiekty-uzytecznosci-publicznej  av-masonry-item-with-image av-landscape-img' title=\"Hala Sportowa w Jaworze\"  itemscope=\"itemscope\" itemtype=\"https:\/\/schema.org\/CreativeWork\" ><div class='av-inner-masonry-sizer'><\/div><figure class='av-inner-masonry main_color'><div class=\"av-masonry-outerimage-container\"><div class=\"av-masonry-image-container\" style=\"background-image: url(https:\/\/www.ozbud.com.pl\/wp-content\/uploads\/2018\/03\/07032012336-1-705x396.jpg);\"><img decoding=\"async\" src=\"https:\/\/www.ozbud.com.pl\/wp-content\/uploads\/2018\/03\/07032012336-1-705x396.jpg\" title=\"07032012336\" alt=\"\" \/><\/div><\/div><figcaption class='av-inner-masonry-content site-background'><div class='av-inner-masonry-content-pos'><div class='av-inner-masonry-content-pos-content'><div class='avia-arrow'><\/div><h3 class='av-masonry-entry-title entry-title'  itemprop=\"headline\" >Hala Sportowa w Jaworze<\/h3><\/div><\/div><\/figcaption><\/figure><\/a><!--end av-masonry entry--><a href=\"https:\/\/www.ozbud.com.pl\/index.php\/realizacje\/hala-sportowa-dziadowa-kloda\/\" id='av-masonry-1-item-1014' data-av-masonry-item='1014' class='av-masonry-entry isotope-item post-1014 portfolio type-portfolio status-publish has-post-thumbnail hentry portfolio_entries-obiekty-uzytecznosci-publicznej  av-masonry-item-with-image av-grid-img' title=\"Hala Sportowa w Dziadowej K\u0142odzie\"  itemscope=\"itemscope\" itemtype=\"https:\/\/schema.org\/CreativeWork\" ><div class='av-inner-masonry-sizer'><\/div><figure class='av-inner-masonry main_color'><div class=\"av-masonry-outerimage-container\"><div class=\"av-masonry-image-container\" style=\"background-image: url(https:\/\/www.ozbud.com.pl\/wp-content\/uploads\/2018\/03\/DSC08394-705x471.jpg);\"><img decoding=\"async\" src=\"https:\/\/www.ozbud.com.pl\/wp-content\/uploads\/2018\/03\/DSC08394-705x471.jpg\" title=\"SONY DSC\" alt=\"\" \/><\/div><\/div><figcaption class='av-inner-masonry-content site-background'><div class='av-inner-masonry-content-pos'><div class='av-inner-masonry-content-pos-content'><div class='avia-arrow'><\/div><h3 class='av-masonry-entry-title entry-title'  itemprop=\"headline\" >Hala Sportowa w Dziadowej K\u0142odzie<\/h3><\/div><\/div><\/figcaption><\/figure><\/a><!--end av-masonry entry--><a href=\"https:\/\/www.ozbud.com.pl\/index.php\/realizacje\/remont-dworzec-kuzniki\/\" id='av-masonry-1-item-988' data-av-masonry-item='988' class='av-masonry-entry isotope-item post-988 portfolio type-portfolio status-publish has-post-thumbnail hentry portfolio_entries-obiekty-uzytecznosci-publicznej portfolio_entries-remonty-i-renowacje  av-masonry-item-with-image av-grid-img' title=\"Remont Dworca Kolejowego Wroc\u0142aw Pracze\"  itemscope=\"itemscope\" itemtype=\"https:\/\/schema.org\/CreativeWork\" ><div class='av-inner-masonry-sizer'><\/div><figure class='av-inner-masonry main_color'><div class=\"av-masonry-outerimage-container\"><div class=\"av-masonry-image-container\" style=\"background-image: url(https:\/\/www.ozbud.com.pl\/wp-content\/uploads\/2018\/03\/DSC_0288.jpg);\"><img decoding=\"async\" src=\"https:\/\/www.ozbud.com.pl\/wp-content\/uploads\/2018\/03\/DSC_0288.jpg\" title=\"DSC_0288\" alt=\"\" \/><\/div><\/div><figcaption class='av-inner-masonry-content site-background'><div class='av-inner-masonry-content-pos'><div class='av-inner-masonry-content-pos-content'><div class='avia-arrow'><\/div><h3 class='av-masonry-entry-title entry-title'  itemprop=\"headline\" >Remont Dworca Kolejowego Wroc\u0142aw Pracze<\/h3><\/div><\/div><\/figcaption><\/figure><\/a><!--end av-masonry entry--><a href=\"https:\/\/www.ozbud.com.pl\/index.php\/realizacje\/hala-przemyslowa-dozamel\/\" id='av-masonry-1-item-932' data-av-masonry-item='932' class='av-masonry-entry isotope-item post-932 portfolio type-portfolio status-publish has-post-thumbnail hentry portfolio_entries-budownictwo-przemyslowe  av-masonry-item-with-image av-grid-img' title=\"Hala Przemys\u0142owa Dozamel\"  itemscope=\"itemscope\" itemtype=\"https:\/\/schema.org\/CreativeWork\" ><div class='av-inner-masonry-sizer'><\/div><figure class='av-inner-masonry main_color'><div class=\"av-masonry-outerimage-container\"><div class=\"av-masonry-image-container\" style=\"background-image: url(https:\/\/www.ozbud.com.pl\/wp-content\/uploads\/2018\/03\/IMG_4784-1-705x448.jpg);\"><img decoding=\"async\" src=\"https:\/\/www.ozbud.com.pl\/wp-content\/uploads\/2018\/03\/IMG_4784-1-705x448.jpg\" title=\"IMG_4784\" alt=\"\" \/><\/div><\/div><figcaption class='av-inner-masonry-content site-background'><div class='av-inner-masonry-content-pos'><div class='av-inner-masonry-content-pos-content'><div class='avia-arrow'><\/div><h3 class='av-masonry-entry-title entry-title'  itemprop=\"headline\" >Hala Przemys\u0142owa Dozamel<\/h3><\/div><\/div><\/figcaption><\/figure><\/a><!--end av-masonry entry--><a href=\"https:\/\/www.ozbud.com.pl\/index.php\/de\/realizacje\/remont-dworzec-kuzniki-de\/\" id='av-masonry-1-item-1593' data-av-masonry-item='1593' class='av-masonry-entry isotope-item post-1593 portfolio type-portfolio status-publish has-post-thumbnail hentry portfolio_entries-modernisierungen-und-renovierungen portfolio_entries-oeffentliche-gebaeude  av-masonry-item-with-image av-grid-img' title=\"Remont Dworca Kolejowego Wroc\u0142aw Pracze\"  itemscope=\"itemscope\" itemtype=\"https:\/\/schema.org\/CreativeWork\" ><div class='av-inner-masonry-sizer'><\/div><figure class='av-inner-masonry main_color'><div class=\"av-masonry-outerimage-container\"><div class=\"av-masonry-image-container\" style=\"background-image: url(https:\/\/www.ozbud.com.pl\/wp-content\/uploads\/2018\/03\/DSC_0288.jpg);\"><img decoding=\"async\" src=\"https:\/\/www.ozbud.com.pl\/wp-content\/uploads\/2018\/03\/DSC_0288.jpg\" title=\"DSC_0288\" alt=\"\" \/><\/div><\/div><figcaption class='av-inner-masonry-content site-background'><div class='av-inner-masonry-content-pos'><div class='av-inner-masonry-content-pos-content'><div class='avia-arrow'><\/div><h3 class='av-masonry-entry-title entry-title'  itemprop=\"headline\" >Remont Dworca Kolejowego Wroc\u0142aw Pracze<\/h3><\/div><\/div><\/figcaption><\/figure><\/a><!--end av-masonry entry--><a href=\"https:\/\/www.ozbud.com.pl\/index.php\/de\/realizacje\/hala-sportowa-piotra-skargi-de\/\" id='av-masonry-1-item-1598' data-av-masonry-item='1598' class='av-masonry-entry isotope-item post-1598 portfolio type-portfolio status-publish has-post-thumbnail hentry portfolio_entries-oeffentliche-gebaeude  av-masonry-item-with-image av-grid-img' title=\"Hala Sportowa we Wroc\u0142awiu\"  itemscope=\"itemscope\" itemtype=\"https:\/\/schema.org\/CreativeWork\" ><div class='av-inner-masonry-sizer'><\/div><figure class='av-inner-masonry main_color'><div class=\"av-masonry-outerimage-container\"><div class=\"av-masonry-image-container\" style=\"background-image: url(https:\/\/www.ozbud.com.pl\/wp-content\/uploads\/2018\/03\/IMG_0002-705x470.jpg);\"><img decoding=\"async\" src=\"https:\/\/www.ozbud.com.pl\/wp-content\/uploads\/2018\/03\/IMG_0002-705x470.jpg\" title=\"IMG_0002\" alt=\"\" \/><\/div><\/div><figcaption class='av-inner-masonry-content site-background'><div class='av-inner-masonry-content-pos'><div class='av-inner-masonry-content-pos-content'><div class='avia-arrow'><\/div><h3 class='av-masonry-entry-title entry-title'  itemprop=\"headline\" >Hala Sportowa we Wroc\u0142awiu<\/h3><\/div><\/div><\/figcaption><\/figure><\/a><!--end av-masonry entry--><a href=\"https:\/\/www.ozbud.com.pl\/index.php\/de\/realizacje\/obiekt-naukowo-dydaktyczny-de\/\" id='av-masonry-1-item-1597' data-av-masonry-item='1597' class='av-masonry-entry isotope-item post-1597 portfolio type-portfolio status-publish has-post-thumbnail hentry portfolio_entries-oeffentliche-gebaeude  av-masonry-item-with-image av-grid-img' title=\"Obiekt o charakterze naukowo-dydaktycznym\"  itemscope=\"itemscope\" itemtype=\"https:\/\/schema.org\/CreativeWork\" ><div class='av-inner-masonry-sizer'><\/div><figure class='av-inner-masonry main_color'><div class=\"av-masonry-outerimage-container\"><div class=\"av-masonry-image-container\" style=\"background-image: url(https:\/\/www.ozbud.com.pl\/wp-content\/uploads\/2018\/03\/IMG_4734-1-705x470.jpg);\"><img decoding=\"async\" src=\"https:\/\/www.ozbud.com.pl\/wp-content\/uploads\/2018\/03\/IMG_4734-1-705x470.jpg\" title=\"IMG_4734\" alt=\"\" \/><\/div><\/div><figcaption class='av-inner-masonry-content site-background'><div class='av-inner-masonry-content-pos'><div class='av-inner-masonry-content-pos-content'><div class='avia-arrow'><\/div><h3 class='av-masonry-entry-title entry-title'  itemprop=\"headline\" >Obiekt o charakterze naukowo-dydaktycznym<\/h3><\/div><\/div><\/figcaption><\/figure><\/a><!--end av-masonry entry--><a href=\"https:\/\/www.ozbud.com.pl\/index.php\/de\/realizacje\/remont-dworca-wroclaw-kuzniki-de\/\" id='av-masonry-1-item-1596' data-av-masonry-item='1596' class='av-masonry-entry isotope-item post-1596 portfolio type-portfolio status-publish has-post-thumbnail hentry portfolio_entries-modernisierungen-und-renovierungen portfolio_entries-oeffentliche-gebaeude  av-masonry-item-with-image av-grid-img' title=\"Remont Dworca, Wroc\u0142aw Ku\u017aniki\"  itemscope=\"itemscope\" itemtype=\"https:\/\/schema.org\/CreativeWork\" ><div class='av-inner-masonry-sizer'><\/div><figure class='av-inner-masonry main_color'><div class=\"av-masonry-outerimage-container\"><div class=\"av-masonry-image-container\" style=\"background-image: url(https:\/\/www.ozbud.com.pl\/wp-content\/uploads\/2018\/03\/remont-zabytkowego-dworca-kuzniki-2-705x470.jpg);\"><img decoding=\"async\" src=\"https:\/\/www.ozbud.com.pl\/wp-content\/uploads\/2018\/03\/remont-zabytkowego-dworca-kuzniki-2-705x470.jpg\" title=\"remont-zabytkowego-dworca-kuzniki (2)\" alt=\"\" \/><\/div><\/div><figcaption class='av-inner-masonry-content site-background'><div class='av-inner-masonry-content-pos'><div class='av-inner-masonry-content-pos-content'><div class='avia-arrow'><\/div><h3 class='av-masonry-entry-title entry-title'  itemprop=\"headline\" >Remont Dworca, Wroc\u0142aw Ku\u017aniki<\/h3><\/div><\/div><\/figcaption><\/figure><\/a><!--end av-masonry entry--><a href=\"https:\/\/www.ozbud.com.pl\/index.php\/realizacje\/remont-dworca-wroclaw-kuzniki\/\" id='av-masonry-1-item-1157' data-av-masonry-item='1157' class='av-masonry-entry isotope-item post-1157 portfolio type-portfolio status-publish has-post-thumbnail hentry portfolio_entries-obiekty-uzytecznosci-publicznej portfolio_entries-remonty-i-renowacje  av-masonry-item-with-image av-grid-img' title=\"Remont Dworca, Wroc\u0142aw Ku\u017aniki\"  itemscope=\"itemscope\" itemtype=\"https:\/\/schema.org\/CreativeWork\" ><div class='av-inner-masonry-sizer'><\/div><figure class='av-inner-masonry main_color'><div class=\"av-masonry-outerimage-container\"><div class=\"av-masonry-image-container\" style=\"background-image: url(https:\/\/www.ozbud.com.pl\/wp-content\/uploads\/2018\/03\/remont-zabytkowego-dworca-kuzniki-2-705x470.jpg);\"><img decoding=\"async\" src=\"https:\/\/www.ozbud.com.pl\/wp-content\/uploads\/2018\/03\/remont-zabytkowego-dworca-kuzniki-2-705x470.jpg\" title=\"remont-zabytkowego-dworca-kuzniki (2)\" alt=\"\" \/><\/div><\/div><figcaption class='av-inner-masonry-content site-background'><div class='av-inner-masonry-content-pos'><div class='av-inner-masonry-content-pos-content'><div class='avia-arrow'><\/div><h3 class='av-masonry-entry-title entry-title'  itemprop=\"headline\" >Remont Dworca, Wroc\u0142aw Ku\u017aniki<\/h3><\/div><\/div><\/figcaption><\/figure><\/a><!--end av-masonry entry--><a href=\"https:\/\/www.ozbud.com.pl\/index.php\/realizacje\/obiekt-naukowo-dydaktyczny\/\" id='av-masonry-1-item-1007' data-av-masonry-item='1007' class='av-masonry-entry isotope-item post-1007 portfolio type-portfolio status-publish has-post-thumbnail hentry portfolio_entries-obiekty-uzytecznosci-publicznej  av-masonry-item-with-image av-grid-img' title=\"Obiekt o charakterze naukowo-dydaktycznym\"  itemscope=\"itemscope\" itemtype=\"https:\/\/schema.org\/CreativeWork\" ><div class='av-inner-masonry-sizer'><\/div><figure class='av-inner-masonry main_color'><div class=\"av-masonry-outerimage-container\"><div class=\"av-masonry-image-container\" style=\"background-image: url(https:\/\/www.ozbud.com.pl\/wp-content\/uploads\/2018\/03\/IMG_4734-1-705x470.jpg);\"><img decoding=\"async\" src=\"https:\/\/www.ozbud.com.pl\/wp-content\/uploads\/2018\/03\/IMG_4734-1-705x470.jpg\" title=\"IMG_4734\" alt=\"\" \/><\/div><\/div><figcaption class='av-inner-masonry-content site-background'><div class='av-inner-masonry-content-pos'><div class='av-inner-masonry-content-pos-content'><div class='avia-arrow'><\/div><h3 class='av-masonry-entry-title entry-title'  itemprop=\"headline\" >Obiekt o charakterze naukowo-dydaktycznym<\/h3><\/div><\/div><\/figcaption><\/figure><\/a><!--end av-masonry entry--><a href=\"https:\/\/www.ozbud.com.pl\/index.php\/realizacje\/hala-sportowa-piotra-skargi\/\" id='av-masonry-1-item-995' data-av-masonry-item='995' class='av-masonry-entry isotope-item post-995 portfolio type-portfolio status-publish has-post-thumbnail hentry portfolio_entries-obiekty-uzytecznosci-publicznej  av-masonry-item-with-image av-grid-img' title=\"Hala Sportowa we Wroc\u0142awiu\"  itemscope=\"itemscope\" itemtype=\"https:\/\/schema.org\/CreativeWork\" ><div class='av-inner-masonry-sizer'><\/div><figure class='av-inner-masonry main_color'><div class=\"av-masonry-outerimage-container\"><div class=\"av-masonry-image-container\" style=\"background-image: url(https:\/\/www.ozbud.com.pl\/wp-content\/uploads\/2018\/03\/IMG_0002-705x470.jpg);\"><img decoding=\"async\" src=\"https:\/\/www.ozbud.com.pl\/wp-content\/uploads\/2018\/03\/IMG_0002-705x470.jpg\" title=\"IMG_0002\" alt=\"\" \/><\/div><\/div><figcaption class='av-inner-masonry-content site-background'><div class='av-inner-masonry-content-pos'><div class='av-inner-masonry-content-pos-content'><div class='avia-arrow'><\/div><h3 class='av-masonry-entry-title entry-title'  itemprop=\"headline\" >Hala Sportowa we Wroc\u0142awiu<\/h3><\/div><\/div><\/figcaption><\/figure><\/a><!--end av-masonry entry--><a href=\"https:\/\/www.ozbud.com.pl\/index.php\/de\/realizacje\/hala-sportowa-reja-de\/\" id='av-masonry-1-item-1600' data-av-masonry-item='1600' class='av-masonry-entry isotope-item post-1600 portfolio type-portfolio status-publish has-post-thumbnail hentry portfolio_entries-oeffentliche-gebaeude  av-masonry-item-with-image av-grid-img' title=\"Budowa Hali Sportowej we Wroc\u0142awiu\"  itemscope=\"itemscope\" itemtype=\"https:\/\/schema.org\/CreativeWork\" ><div class='av-inner-masonry-sizer'><\/div><figure class='av-inner-masonry main_color'><div class=\"av-masonry-outerimage-container\"><div class=\"av-masonry-image-container\" style=\"background-image: url(https:\/\/www.ozbud.com.pl\/wp-content\/uploads\/2018\/03\/SALA_REJA_7-1.jpg);\"><img decoding=\"async\" src=\"https:\/\/www.ozbud.com.pl\/wp-content\/uploads\/2018\/03\/SALA_REJA_7-1.jpg\" title=\"SALA_REJA_7\" alt=\"\" \/><\/div><\/div><figcaption class='av-inner-masonry-content site-background'><div class='av-inner-masonry-content-pos'><div class='av-inner-masonry-content-pos-content'><div class='avia-arrow'><\/div><h3 class='av-masonry-entry-title entry-title'  itemprop=\"headline\" >Budowa Hali Sportowej we Wroc\u0142awiu<\/h3><\/div><\/div><\/figcaption><\/figure><\/a><!--end av-masonry entry--><a href=\"https:\/\/www.ozbud.com.pl\/index.php\/de\/realizacje\/hala-sportowa-swistackiego-de\/\" id='av-masonry-1-item-1599' data-av-masonry-item='1599' class='av-masonry-entry isotope-item post-1599 portfolio type-portfolio status-publish has-post-thumbnail hentry portfolio_entries-oeffentliche-gebaeude  av-masonry-item-with-image av-grid-img' title=\"Budowa Hali Sportowej we Wroc\u0142awiu\"  itemscope=\"itemscope\" itemtype=\"https:\/\/schema.org\/CreativeWork\" ><div class='av-inner-masonry-sizer'><\/div><figure class='av-inner-masonry main_color'><div class=\"av-masonry-outerimage-container\"><div class=\"av-masonry-image-container\" style=\"background-image: url(https:\/\/www.ozbud.com.pl\/wp-content\/uploads\/2018\/03\/SALA_SWISTACJKIEGO_6-1.jpg);\"><img decoding=\"async\" src=\"https:\/\/www.ozbud.com.pl\/wp-content\/uploads\/2018\/03\/SALA_SWISTACJKIEGO_6-1.jpg\" title=\"SALA_SWISTACJKIEGO_6\" alt=\"\" \/><\/div><\/div><figcaption class='av-inner-masonry-content site-background'><div class='av-inner-masonry-content-pos'><div class='av-inner-masonry-content-pos-content'><div class='avia-arrow'><\/div><h3 class='av-masonry-entry-title entry-title'  itemprop=\"headline\" >Budowa Hali Sportowej we Wroc\u0142awiu<\/h3><\/div><\/div><\/figcaption><\/figure><\/a><!--end av-masonry entry--><a href=\"https:\/\/www.ozbud.com.pl\/index.php\/de\/realizacje\/hala-magazynowa-grupa-open-2-de\/\" id='av-masonry-1-item-1603' data-av-masonry-item='1603' class='av-masonry-entry isotope-item post-1603 portfolio type-portfolio status-publish has-post-thumbnail hentry portfolio_entries-industriegebaeude  av-masonry-item-with-image av-grid-img' title=\"Hala Magazynowa Grupa Open\"  itemscope=\"itemscope\" itemtype=\"https:\/\/schema.org\/CreativeWork\" ><div class='av-inner-masonry-sizer'><\/div><figure class='av-inner-masonry main_color'><div class=\"av-masonry-outerimage-container\"><div class=\"av-masonry-image-container\" style=\"background-image: url(https:\/\/www.ozbud.com.pl\/wp-content\/uploads\/2005\/03\/HALA_OPEN_3-1.jpg);\"><img decoding=\"async\" src=\"https:\/\/www.ozbud.com.pl\/wp-content\/uploads\/2005\/03\/HALA_OPEN_3-1.jpg\" title=\"HALA_OPEN_3\" alt=\"\" \/><\/div><\/div><figcaption class='av-inner-masonry-content site-background'><div class='av-inner-masonry-content-pos'><div class='av-inner-masonry-content-pos-content'><div class='avia-arrow'><\/div><h3 class='av-masonry-entry-title entry-title'  itemprop=\"headline\" >Hala Magazynowa Grupa Open<\/h3><\/div><\/div><\/figcaption><\/figure><\/a><!--end av-masonry entry--><a href=\"https:\/\/www.ozbud.com.pl\/index.php\/de\/realizacje\/hala-przemyslowa-sca-poznan-de\/\" id='av-masonry-1-item-1601' data-av-masonry-item='1601' class='av-masonry-entry isotope-item post-1601 portfolio type-portfolio status-publish has-post-thumbnail hentry portfolio_entries-industriegebaeude  av-masonry-item-with-image av-grid-img' title=\"Hala Przemys\u0142owa SCA Pozna\u0144\"  itemscope=\"itemscope\" itemtype=\"https:\/\/schema.org\/CreativeWork\" ><div class='av-inner-masonry-sizer'><\/div><figure class='av-inner-masonry main_color'><div class=\"av-masonry-outerimage-container\"><div class=\"av-masonry-image-container\" style=\"background-image: url(https:\/\/www.ozbud.com.pl\/wp-content\/uploads\/2018\/03\/HALA_POZNAN_1-1.jpg);\"><img decoding=\"async\" src=\"https:\/\/www.ozbud.com.pl\/wp-content\/uploads\/2018\/03\/HALA_POZNAN_1-1.jpg\" title=\"HALA_POZNAN_1\" alt=\"\" \/><\/div><\/div><figcaption class='av-inner-masonry-content site-background'><div class='av-inner-masonry-content-pos'><div class='av-inner-masonry-content-pos-content'><div class='avia-arrow'><\/div><h3 class='av-masonry-entry-title entry-title'  itemprop=\"headline\" >Hala Przemys\u0142owa SCA Pozna\u0144<\/h3><\/div><\/div><\/figcaption><\/figure><\/a><!--end av-masonry entry--><a href=\"https:\/\/www.ozbud.com.pl\/index.php\/realizacje\/hala-sportowa-swistackiego\/\" id='av-masonry-1-item-978' data-av-masonry-item='978' class='av-masonry-entry isotope-item post-978 portfolio type-portfolio status-publish has-post-thumbnail hentry portfolio_entries-obiekty-uzytecznosci-publicznej  av-masonry-item-with-image av-grid-img' title=\"Budowa Hali Sportowej we Wroc\u0142awiu\"  itemscope=\"itemscope\" itemtype=\"https:\/\/schema.org\/CreativeWork\" ><div class='av-inner-masonry-sizer'><\/div><figure class='av-inner-masonry main_color'><div class=\"av-masonry-outerimage-container\"><div class=\"av-masonry-image-container\" style=\"background-image: url(https:\/\/www.ozbud.com.pl\/wp-content\/uploads\/2018\/03\/SALA_SWISTACJKIEGO_6-1.jpg);\"><img decoding=\"async\" src=\"https:\/\/www.ozbud.com.pl\/wp-content\/uploads\/2018\/03\/SALA_SWISTACJKIEGO_6-1.jpg\" title=\"SALA_SWISTACJKIEGO_6\" alt=\"\" \/><\/div><\/div><figcaption class='av-inner-masonry-content site-background'><div class='av-inner-masonry-content-pos'><div class='av-inner-masonry-content-pos-content'><div class='avia-arrow'><\/div><h3 class='av-masonry-entry-title entry-title'  itemprop=\"headline\" >Budowa Hali Sportowej we Wroc\u0142awiu<\/h3><\/div><\/div><\/figcaption><\/figure><\/a><!--end av-masonry entry--><a href=\"https:\/\/www.ozbud.com.pl\/index.php\/realizacje\/hala-sportowa-reja\/\" id='av-masonry-1-item-965' data-av-masonry-item='965' class='av-masonry-entry isotope-item post-965 portfolio type-portfolio status-publish has-post-thumbnail hentry portfolio_entries-obiekty-uzytecznosci-publicznej  av-masonry-item-with-image av-grid-img' title=\"Budowa Hali Sportowej we Wroc\u0142awiu\"  itemscope=\"itemscope\" itemtype=\"https:\/\/schema.org\/CreativeWork\" ><div class='av-inner-masonry-sizer'><\/div><figure class='av-inner-masonry main_color'><div class=\"av-masonry-outerimage-container\"><div class=\"av-masonry-image-container\" style=\"background-image: url(https:\/\/www.ozbud.com.pl\/wp-content\/uploads\/2018\/03\/SALA_REJA_7-1.jpg);\"><img decoding=\"async\" src=\"https:\/\/www.ozbud.com.pl\/wp-content\/uploads\/2018\/03\/SALA_REJA_7-1.jpg\" title=\"SALA_REJA_7\" alt=\"\" \/><\/div><\/div><figcaption class='av-inner-masonry-content site-background'><div class='av-inner-masonry-content-pos'><div class='av-inner-masonry-content-pos-content'><div class='avia-arrow'><\/div><h3 class='av-masonry-entry-title entry-title'  itemprop=\"headline\" >Budowa Hali Sportowej we Wroc\u0142awiu<\/h3><\/div><\/div><\/figcaption><\/figure><\/a><!--end av-masonry entry--><a href=\"https:\/\/www.ozbud.com.pl\/index.php\/realizacje\/hala-przemyslowa-sca-poznan\/\" id='av-masonry-1-item-927' data-av-masonry-item='927' class='av-masonry-entry isotope-item post-927 portfolio type-portfolio status-publish has-post-thumbnail hentry portfolio_entries-budownictwo-przemyslowe  av-masonry-item-with-image av-grid-img' title=\"Hala Przemys\u0142owa SCA Pozna\u0144\"  itemscope=\"itemscope\" itemtype=\"https:\/\/schema.org\/CreativeWork\" ><div class='av-inner-masonry-sizer'><\/div><figure class='av-inner-masonry main_color'><div class=\"av-masonry-outerimage-container\"><div class=\"av-masonry-image-container\" style=\"background-image: url(https:\/\/www.ozbud.com.pl\/wp-content\/uploads\/2018\/03\/HALA_POZNAN_1-1.jpg);\"><img decoding=\"async\" src=\"https:\/\/www.ozbud.com.pl\/wp-content\/uploads\/2018\/03\/HALA_POZNAN_1-1.jpg\" title=\"HALA_POZNAN_1\" alt=\"\" \/><\/div><\/div><figcaption class='av-inner-masonry-content site-background'><div class='av-inner-masonry-content-pos'><div class='av-inner-masonry-content-pos-content'><div class='avia-arrow'><\/div><h3 class='av-masonry-entry-title entry-title'  itemprop=\"headline\" >Hala Przemys\u0142owa SCA Pozna\u0144<\/h3><\/div><\/div><\/figcaption><\/figure><\/a><!--end av-masonry entry--><a href=\"https:\/\/www.ozbud.com.pl\/index.php\/realizacje\/hala-magazynowa-grupa-open-2\/\" id='av-masonry-1-item-848' data-av-masonry-item='848' class='av-masonry-entry isotope-item post-848 portfolio type-portfolio status-publish has-post-thumbnail hentry portfolio_entries-budownictwo-przemyslowe  av-masonry-item-with-image av-grid-img' title=\"Hala Magazynowa Grupa Open\"  itemscope=\"itemscope\" itemtype=\"https:\/\/schema.org\/CreativeWork\" ><div class='av-inner-masonry-sizer'><\/div><figure class='av-inner-masonry main_color'><div class=\"av-masonry-outerimage-container\"><div class=\"av-masonry-image-container\" style=\"background-image: url(https:\/\/www.ozbud.com.pl\/wp-content\/uploads\/2005\/03\/HALA_OPEN_3-1.jpg);\"><img decoding=\"async\" src=\"https:\/\/www.ozbud.com.pl\/wp-content\/uploads\/2005\/03\/HALA_OPEN_3-1.jpg\" title=\"HALA_OPEN_3\" alt=\"\" \/><\/div><\/div><figcaption class='av-inner-masonry-content site-background'><div class='av-inner-masonry-content-pos'><div class='av-inner-masonry-content-pos-content'><div class='avia-arrow'><\/div><h3 class='av-masonry-entry-title entry-title'  itemprop=\"headline\" >Hala Magazynowa Grupa Open<\/h3><\/div><\/div><\/figcaption><\/figure><\/a><!--end av-masonry entry--><a href=\"https:\/\/www.ozbud.com.pl\/index.php\/de\/realizacje\/remont-kamienicy-szczytnicka-de\/\" id='av-masonry-1-item-1606' data-av-masonry-item='1606' class='av-masonry-entry isotope-item post-1606 portfolio type-portfolio status-publish has-post-thumbnail hentry portfolio_entries-modernisierungen-und-renovierungen portfolio_entries-wohnungsbau  av-masonry-item-with-image av-grid-img' title=\"Remont Kamienicy ul. Szczytnicka\"  itemscope=\"itemscope\" itemtype=\"https:\/\/schema.org\/CreativeWork\" ><div class='av-inner-masonry-sizer'><\/div><figure class='av-inner-masonry main_color'><div class=\"av-masonry-outerimage-container\"><div class=\"av-masonry-image-container\" style=\"background-image: url(https:\/\/www.ozbud.com.pl\/wp-content\/uploads\/2018\/03\/SZCZYTNICKA_1.jpg);\"><img decoding=\"async\" src=\"https:\/\/www.ozbud.com.pl\/wp-content\/uploads\/2018\/03\/SZCZYTNICKA_1.jpg\" title=\"SZCZYTNICKA_1\" alt=\"\" \/><\/div><\/div><figcaption class='av-inner-masonry-content site-background'><div class='av-inner-masonry-content-pos'><div class='av-inner-masonry-content-pos-content'><div class='avia-arrow'><\/div><h3 class='av-masonry-entry-title entry-title'  itemprop=\"headline\" >Remont Kamienicy ul. Szczytnicka<\/h3><\/div><\/div><\/figcaption><\/figure><\/a><!--end av-masonry entry--><a href=\"https:\/\/www.ozbud.com.pl\/index.php\/de\/realizacje\/kamienica-sepa-szarzynskiego-de\/\" id='av-masonry-1-item-1605' data-av-masonry-item='1605' class='av-masonry-entry isotope-item post-1605 portfolio type-portfolio status-publish has-post-thumbnail hentry portfolio_entries-modernisierungen-und-renovierungen portfolio_entries-wohnungsbau  av-masonry-item-with-image av-grid-img' title=\"Zabytkowa kamienica ul. S\u0119pa Szarzy\u0144skiego\"  itemscope=\"itemscope\" itemtype=\"https:\/\/schema.org\/CreativeWork\" ><div class='av-inner-masonry-sizer'><\/div><figure class='av-inner-masonry main_color'><div class=\"av-masonry-outerimage-container\"><div class=\"av-masonry-image-container\" style=\"background-image: url(https:\/\/www.ozbud.com.pl\/wp-content\/uploads\/2018\/03\/SEPA_SZARZ_2.jpg);\"><img decoding=\"async\" src=\"https:\/\/www.ozbud.com.pl\/wp-content\/uploads\/2018\/03\/SEPA_SZARZ_2.jpg\" title=\"SEPA_SZARZ_2\" alt=\"\" \/><\/div><\/div><figcaption class='av-inner-masonry-content site-background'><div class='av-inner-masonry-content-pos'><div class='av-inner-masonry-content-pos-content'><div class='avia-arrow'><\/div><h3 class='av-masonry-entry-title entry-title'  itemprop=\"headline\" >Zabytkowa kamienica ul. S\u0119pa Szarzy\u0144skiego<\/h3><\/div><\/div><\/figcaption><\/figure><\/a><!--end av-masonry entry--><a href=\"https:\/\/www.ozbud.com.pl\/index.php\/de\/realizacje\/kamienica-dubois-de\/\" id='av-masonry-1-item-1604' data-av-masonry-item='1604' class='av-masonry-entry isotope-item post-1604 portfolio type-portfolio status-publish has-post-thumbnail hentry portfolio_entries-modernisierungen-und-renovierungen portfolio_entries-wohnungsbau  av-masonry-item-with-image av-grid-img' title=\"Remont Kamienicy, ul. Dubois\"  itemscope=\"itemscope\" itemtype=\"https:\/\/schema.org\/CreativeWork\" ><div class='av-inner-masonry-sizer'><\/div><figure class='av-inner-masonry main_color'><div class=\"av-masonry-outerimage-container\"><div class=\"av-masonry-image-container\" style=\"background-image: url(https:\/\/www.ozbud.com.pl\/wp-content\/uploads\/2018\/03\/remont-kamienicy-dubois-1.jpg);\"><img decoding=\"async\" src=\"https:\/\/www.ozbud.com.pl\/wp-content\/uploads\/2018\/03\/remont-kamienicy-dubois-1.jpg\" title=\"remont-kamienicy-dubois (1)\" alt=\"\" \/><\/div><\/div><figcaption class='av-inner-masonry-content site-background'><div class='av-inner-masonry-content-pos'><div class='av-inner-masonry-content-pos-content'><div class='avia-arrow'><\/div><h3 class='av-masonry-entry-title entry-title'  itemprop=\"headline\" >Remont Kamienicy, ul. Dubois<\/h3><\/div><\/div><\/figcaption><\/figure><\/a><!--end av-masonry entry--><a href=\"https:\/\/www.ozbud.com.pl\/index.php\/de\/realizacje\/remont-elewacji-dozamel-de\/\" id='av-masonry-1-item-1607' data-av-masonry-item='1607' class='av-masonry-entry isotope-item post-1607 portfolio type-portfolio status-publish has-post-thumbnail hentry portfolio_entries-industriegebaeude  av-masonry-item-with-image av-grid-img' title=\"Remont Elewacji Dozamel\"  itemscope=\"itemscope\" itemtype=\"https:\/\/schema.org\/CreativeWork\" ><div class='av-inner-masonry-sizer'><\/div><figure class='av-inner-masonry main_color'><div class=\"av-masonry-outerimage-container\"><div class=\"av-masonry-image-container\" style=\"background-image: url(https:\/\/www.ozbud.com.pl\/wp-content\/uploads\/2018\/03\/dozamel_okna.jpg);\"><img decoding=\"async\" src=\"https:\/\/www.ozbud.com.pl\/wp-content\/uploads\/2018\/03\/dozamel_okna.jpg\" title=\"dozamel_okna\" alt=\"\" \/><\/div><\/div><figcaption class='av-inner-masonry-content site-background'><div class='av-inner-masonry-content-pos'><div class='av-inner-masonry-content-pos-content'><div class='avia-arrow'><\/div><h3 class='av-masonry-entry-title entry-title'  itemprop=\"headline\" >Remont Elewacji Dozamel<\/h3><\/div><\/div><\/figcaption><\/figure><\/a><!--end av-masonry entry--><a href=\"https:\/\/www.ozbud.com.pl\/index.php\/de\/realizacje\/fundacja-lubiaz-de\/\" id='av-masonry-1-item-1608' data-av-masonry-item='1608' class='av-masonry-entry isotope-item post-1608 portfolio type-portfolio status-publish has-post-thumbnail hentry portfolio_entries-dachdeckerarbeiten  av-masonry-item-with-image av-grid-img' title=\"Fundacja Lubi\u0105\u017c\"  itemscope=\"itemscope\" itemtype=\"https:\/\/schema.org\/CreativeWork\" ><div class='av-inner-masonry-sizer'><\/div><figure class='av-inner-masonry main_color'><div class=\"av-masonry-outerimage-container\"><div class=\"av-masonry-image-container\" style=\"background-image: url(https:\/\/www.ozbud.com.pl\/wp-content\/uploads\/2018\/03\/ozbud-fundacja-lubiaz-03.jpg);\"><img decoding=\"async\" src=\"https:\/\/www.ozbud.com.pl\/wp-content\/uploads\/2018\/03\/ozbud-fundacja-lubiaz-03.jpg\" title=\"ozbud-fundacja-lubiaz-03\" alt=\"\" \/><\/div><\/div><figcaption class='av-inner-masonry-content site-background'><div class='av-inner-masonry-content-pos'><div class='av-inner-masonry-content-pos-content'><div class='avia-arrow'><\/div><h3 class='av-masonry-entry-title entry-title'  itemprop=\"headline\" >Fundacja Lubi\u0105\u017c<\/h3><\/div><\/div><\/figcaption><\/figure><\/a><!--end av-masonry entry--><a href=\"https:\/\/www.ozbud.com.pl\/index.php\/de\/realizacje\/remont-dachu-de\/\" id='av-masonry-1-item-1609' data-av-masonry-item='1609' class='av-masonry-entry isotope-item post-1609 portfolio type-portfolio status-publish has-post-thumbnail hentry portfolio_entries-dachdeckerarbeiten portfolio_entries-modernisierungen-und-renovierungen  av-masonry-item-with-image av-grid-img' title=\"Remont dachu\"  itemscope=\"itemscope\" itemtype=\"https:\/\/schema.org\/CreativeWork\" ><div class='av-inner-masonry-sizer'><\/div><figure class='av-inner-masonry main_color'><div class=\"av-masonry-outerimage-container\"><div class=\"av-masonry-image-container\" style=\"background-image: url(https:\/\/www.ozbud.com.pl\/wp-content\/uploads\/2018\/03\/remont-dachu-dolzamel-01.jpg);\"><img decoding=\"async\" src=\"https:\/\/www.ozbud.com.pl\/wp-content\/uploads\/2018\/03\/remont-dachu-dolzamel-01.jpg\" title=\"remont-dachu-dolzamel-01\" alt=\"\" \/><\/div><\/div><figcaption class='av-inner-masonry-content site-background'><div class='av-inner-masonry-content-pos'><div class='av-inner-masonry-content-pos-content'><div class='avia-arrow'><\/div><h3 class='av-masonry-entry-title entry-title'  itemprop=\"headline\" >Remont dachu<\/h3><\/div><\/div><\/figcaption><\/figure><\/a><!--end av-masonry entry--><a href=\"https:\/\/www.ozbud.com.pl\/index.php\/realizacje\/kamienica-dubois\/\" id='av-masonry-1-item-1152' data-av-masonry-item='1152' class='av-masonry-entry isotope-item post-1152 portfolio type-portfolio status-publish has-post-thumbnail hentry portfolio_entries-budownictwo-mieszkaniowe portfolio_entries-remonty-i-renowacje  av-masonry-item-with-image av-grid-img' title=\"Remont Kamienicy, ul. Dubois\"  itemscope=\"itemscope\" itemtype=\"https:\/\/schema.org\/CreativeWork\" ><div class='av-inner-masonry-sizer'><\/div><figure class='av-inner-masonry main_color'><div class=\"av-masonry-outerimage-container\"><div class=\"av-masonry-image-container\" style=\"background-image: url(https:\/\/www.ozbud.com.pl\/wp-content\/uploads\/2018\/03\/remont-kamienicy-dubois-1.jpg);\"><img decoding=\"async\" src=\"https:\/\/www.ozbud.com.pl\/wp-content\/uploads\/2018\/03\/remont-kamienicy-dubois-1.jpg\" title=\"remont-kamienicy-dubois (1)\" alt=\"\" \/><\/div><\/div><figcaption class='av-inner-masonry-content site-background'><div class='av-inner-masonry-content-pos'><div class='av-inner-masonry-content-pos-content'><div class='avia-arrow'><\/div><h3 class='av-masonry-entry-title entry-title'  itemprop=\"headline\" >Remont Kamienicy, ul. Dubois<\/h3><\/div><\/div><\/figcaption><\/figure><\/a><!--end av-masonry entry--><a href=\"https:\/\/www.ozbud.com.pl\/index.php\/realizacje\/kamienica-sepa-szarzynskiego\/\" id='av-masonry-1-item-1147' data-av-masonry-item='1147' class='av-masonry-entry isotope-item post-1147 portfolio type-portfolio status-publish has-post-thumbnail hentry portfolio_entries-budownictwo-mieszkaniowe portfolio_entries-remonty-i-renowacje  av-masonry-item-with-image av-grid-img' title=\"Zabytkowa kamienica ul. S\u0119pa Szarzy\u0144skiego\"  itemscope=\"itemscope\" itemtype=\"https:\/\/schema.org\/CreativeWork\" ><div class='av-inner-masonry-sizer'><\/div><figure class='av-inner-masonry main_color'><div class=\"av-masonry-outerimage-container\"><div class=\"av-masonry-image-container\" style=\"background-image: url(https:\/\/www.ozbud.com.pl\/wp-content\/uploads\/2018\/03\/SEPA_SZARZ_2.jpg);\"><img decoding=\"async\" src=\"https:\/\/www.ozbud.com.pl\/wp-content\/uploads\/2018\/03\/SEPA_SZARZ_2.jpg\" title=\"SEPA_SZARZ_2\" alt=\"\" \/><\/div><\/div><figcaption class='av-inner-masonry-content site-background'><div class='av-inner-masonry-content-pos'><div class='av-inner-masonry-content-pos-content'><div class='avia-arrow'><\/div><h3 class='av-masonry-entry-title entry-title'  itemprop=\"headline\" >Zabytkowa kamienica ul. S\u0119pa Szarzy\u0144skiego<\/h3><\/div><\/div><\/figcaption><\/figure><\/a><!--end av-masonry entry--><a href=\"https:\/\/www.ozbud.com.pl\/index.php\/realizacje\/remont-kamienicy-szczytnicka\/\" id='av-masonry-1-item-1140' data-av-masonry-item='1140' class='av-masonry-entry isotope-item post-1140 portfolio type-portfolio status-publish has-post-thumbnail hentry portfolio_entries-budownictwo-mieszkaniowe portfolio_entries-obiekty-uzytecznosci-publicznej portfolio_entries-remonty-i-renowacje  av-masonry-item-with-image av-grid-img' title=\"Remont Kamienicy ul. Szczytnicka\"  itemscope=\"itemscope\" itemtype=\"https:\/\/schema.org\/CreativeWork\" ><div class='av-inner-masonry-sizer'><\/div><figure class='av-inner-masonry main_color'><div class=\"av-masonry-outerimage-container\"><div class=\"av-masonry-image-container\" style=\"background-image: url(https:\/\/www.ozbud.com.pl\/wp-content\/uploads\/2018\/03\/SZCZYTNICKA_1.jpg);\"><img decoding=\"async\" src=\"https:\/\/www.ozbud.com.pl\/wp-content\/uploads\/2018\/03\/SZCZYTNICKA_1.jpg\" title=\"SZCZYTNICKA_1\" alt=\"\" \/><\/div><\/div><figcaption class='av-inner-masonry-content site-background'><div class='av-inner-masonry-content-pos'><div class='av-inner-masonry-content-pos-content'><div class='avia-arrow'><\/div><h3 class='av-masonry-entry-title entry-title'  itemprop=\"headline\" >Remont Kamienicy ul. Szczytnicka<\/h3><\/div><\/div><\/figcaption><\/figure><\/a><!--end av-masonry entry--><a href=\"https:\/\/www.ozbud.com.pl\/index.php\/realizacje\/remont-elewacji-dozamel\/\" id='av-masonry-1-item-1137' data-av-masonry-item='1137' class='av-masonry-entry isotope-item post-1137 portfolio type-portfolio status-publish has-post-thumbnail hentry portfolio_entries-budownictwo-przemyslowe portfolio_entries-remonty-i-renowacje  av-masonry-item-with-image av-grid-img' title=\"Remont Elewacji Dozamel\"  itemscope=\"itemscope\" itemtype=\"https:\/\/schema.org\/CreativeWork\" ><div class='av-inner-masonry-sizer'><\/div><figure class='av-inner-masonry main_color'><div class=\"av-masonry-outerimage-container\"><div class=\"av-masonry-image-container\" style=\"background-image: url(https:\/\/www.ozbud.com.pl\/wp-content\/uploads\/2018\/03\/dozamel_okna.jpg);\"><img decoding=\"async\" src=\"https:\/\/www.ozbud.com.pl\/wp-content\/uploads\/2018\/03\/dozamel_okna.jpg\" title=\"dozamel_okna\" alt=\"\" \/><\/div><\/div><figcaption class='av-inner-masonry-content site-background'><div class='av-inner-masonry-content-pos'><div class='av-inner-masonry-content-pos-content'><div class='avia-arrow'><\/div><h3 class='av-masonry-entry-title entry-title'  itemprop=\"headline\" >Remont Elewacji Dozamel<\/h3><\/div><\/div><\/figcaption><\/figure><\/a><!--end av-masonry entry--><a href=\"https:\/\/www.ozbud.com.pl\/index.php\/realizacje\/fundacja-lubiaz\/\" id='av-masonry-1-item-576' data-av-masonry-item='576' class='av-masonry-entry isotope-item post-576 portfolio type-portfolio status-publish has-post-thumbnail hentry portfolio_entries-roboty-dekarskie  av-masonry-item-with-image av-grid-img' title=\"Fundacja Lubi\u0105\u017c\"  itemscope=\"itemscope\" itemtype=\"https:\/\/schema.org\/CreativeWork\" ><div class='av-inner-masonry-sizer'><\/div><figure class='av-inner-masonry main_color'><div class=\"av-masonry-outerimage-container\"><div class=\"av-masonry-image-container\" style=\"background-image: url(https:\/\/www.ozbud.com.pl\/wp-content\/uploads\/2018\/03\/ozbud-fundacja-lubiaz-03.jpg);\"><img decoding=\"async\" src=\"https:\/\/www.ozbud.com.pl\/wp-content\/uploads\/2018\/03\/ozbud-fundacja-lubiaz-03.jpg\" title=\"ozbud-fundacja-lubiaz-03\" alt=\"\" \/><\/div><\/div><figcaption class='av-inner-masonry-content site-background'><div class='av-inner-masonry-content-pos'><div class='av-inner-masonry-content-pos-content'><div class='avia-arrow'><\/div><h3 class='av-masonry-entry-title entry-title'  itemprop=\"headline\" >Fundacja Lubi\u0105\u017c<\/h3><\/div><\/div><\/figcaption><\/figure><\/a><!--end av-masonry entry--><a href=\"https:\/\/www.ozbud.com.pl\/index.php\/realizacje\/remont-dachu\/\" id='av-masonry-1-item-570' data-av-masonry-item='570' class='av-masonry-entry isotope-item post-570 portfolio type-portfolio status-publish has-post-thumbnail hentry portfolio_entries-roboty-dekarskie  av-masonry-item-with-image av-grid-img' title=\"Remont dachu\"  itemscope=\"itemscope\" itemtype=\"https:\/\/schema.org\/CreativeWork\" ><div class='av-inner-masonry-sizer'><\/div><figure class='av-inner-masonry main_color'><div class=\"av-masonry-outerimage-container\"><div class=\"av-masonry-image-container\" style=\"background-image: url(https:\/\/www.ozbud.com.pl\/wp-content\/uploads\/2018\/03\/remont-dachu-dolzamel-01.jpg);\"><img decoding=\"async\" src=\"https:\/\/www.ozbud.com.pl\/wp-content\/uploads\/2018\/03\/remont-dachu-dolzamel-01.jpg\" title=\"remont-dachu-dolzamel-01\" alt=\"\" \/><\/div><\/div><figcaption class='av-inner-masonry-content site-background'><div class='av-inner-masonry-content-pos'><div class='av-inner-masonry-content-pos-content'><div class='avia-arrow'><\/div><h3 class='av-masonry-entry-title entry-title'  itemprop=\"headline\" >Remont dachu<\/h3><\/div><\/div><\/figcaption><\/figure><\/a><!--end av-masonry entry--><a href=\"https:\/\/www.ozbud.com.pl\/index.php\/de\/realizacje\/remont-kamienicy-traugutta-de\/\" id='av-masonry-1-item-1610' data-av-masonry-item='1610' class='av-masonry-entry isotope-item post-1610 portfolio type-portfolio status-publish has-post-thumbnail hentry portfolio_entries-dachdeckerarbeiten portfolio_entries-modernisierungen-und-renovierungen portfolio_entries-oeffentliche-gebaeude portfolio_entries-wohnungsbau  av-masonry-item-with-image av-grid-img' title=\"Remont Kamienicy ul. Traugutta\"  itemscope=\"itemscope\" itemtype=\"https:\/\/schema.org\/CreativeWork\" ><div class='av-inner-masonry-sizer'><\/div><figure class='av-inner-masonry main_color'><div class=\"av-masonry-outerimage-container\"><div class=\"av-masonry-image-container\" style=\"background-image: url(https:\/\/www.ozbud.com.pl\/wp-content\/uploads\/2018\/03\/TRAUGUTTA_1.jpg);\"><img decoding=\"async\" src=\"https:\/\/www.ozbud.com.pl\/wp-content\/uploads\/2018\/03\/TRAUGUTTA_1.jpg\" title=\"TRAUGUTTA_1\" alt=\"\" \/><\/div><\/div><figcaption class='av-inner-masonry-content site-background'><div class='av-inner-masonry-content-pos'><div class='av-inner-masonry-content-pos-content'><div class='avia-arrow'><\/div><h3 class='av-masonry-entry-title entry-title'  itemprop=\"headline\" >Remont Kamienicy ul. Traugutta<\/h3><\/div><\/div><\/figcaption><\/figure><\/a><!--end av-masonry entry--><a href=\"https:\/\/www.ozbud.com.pl\/index.php\/de\/realizacje\/dps-wroclaw-de\/\" id='av-masonry-1-item-1611' data-av-masonry-item='1611' class='av-masonry-entry isotope-item post-1611 portfolio type-portfolio status-publish has-post-thumbnail hentry portfolio_entries-dachdeckerarbeiten portfolio_entries-oeffentliche-gebaeude  av-masonry-item-with-image av-grid-img' title=\"Dom Pomocy Spo\u0142ecznej we Wroc\u0142awiu\"  itemscope=\"itemscope\" itemtype=\"https:\/\/schema.org\/CreativeWork\" ><div class='av-inner-masonry-sizer'><\/div><figure class='av-inner-masonry main_color'><div class=\"av-masonry-outerimage-container\"><div class=\"av-masonry-image-container\" style=\"background-image: url(https:\/\/www.ozbud.com.pl\/wp-content\/uploads\/2018\/03\/MOPS_1.jpg);\"><img decoding=\"async\" src=\"https:\/\/www.ozbud.com.pl\/wp-content\/uploads\/2018\/03\/MOPS_1.jpg\" title=\"MOPS_1\" alt=\"\" \/><\/div><\/div><figcaption class='av-inner-masonry-content site-background'><div class='av-inner-masonry-content-pos'><div class='av-inner-masonry-content-pos-content'><div class='avia-arrow'><\/div><h3 class='av-masonry-entry-title entry-title'  itemprop=\"headline\" >Dom Pomocy Spo\u0142ecznej we Wroc\u0142awiu<\/h3><\/div><\/div><\/figcaption><\/figure><\/a><!--end av-masonry entry--><a href=\"https:\/\/www.ozbud.com.pl\/index.php\/de\/realizacje\/hala-przemyslowa-sca-de\/\" id='av-masonry-1-item-1613' data-av-masonry-item='1613' class='av-masonry-entry isotope-item post-1613 portfolio type-portfolio status-publish has-post-thumbnail hentry portfolio_entries-industriegebaeude  av-masonry-item-with-image av-grid-img' title=\"Hala Przemys\u0142owa SCA Packaging\"  itemscope=\"itemscope\" itemtype=\"https:\/\/schema.org\/CreativeWork\" ><div class='av-inner-masonry-sizer'><\/div><figure class='av-inner-masonry main_color'><div class=\"av-masonry-outerimage-container\"><div class=\"av-masonry-image-container\" style=\"background-image: url(https:\/\/www.ozbud.com.pl\/wp-content\/uploads\/2018\/03\/SCA_1.jpg);\"><img decoding=\"async\" src=\"https:\/\/www.ozbud.com.pl\/wp-content\/uploads\/2018\/03\/SCA_1.jpg\" title=\"SCA_1\" alt=\"\" \/><\/div><\/div><figcaption class='av-inner-masonry-content site-background'><div class='av-inner-masonry-content-pos'><div class='av-inner-masonry-content-pos-content'><div class='avia-arrow'><\/div><h3 class='av-masonry-entry-title entry-title'  itemprop=\"headline\" >Hala Przemys\u0142owa SCA Packaging<\/h3><\/div><\/div><\/figcaption><\/figure><\/a><!--end av-masonry entry--><a href=\"https:\/\/www.ozbud.com.pl\/index.php\/de\/realizacje\/hala-przemyslowa-tps-de\/\" id='av-masonry-1-item-1612' data-av-masonry-item='1612' class='av-masonry-entry isotope-item post-1612 portfolio type-portfolio status-publish has-post-thumbnail hentry portfolio_entries-industriegebaeude  av-masonry-item-with-image av-grid-img' title=\"Hala Przemys\u0142owa TPS\"  itemscope=\"itemscope\" itemtype=\"https:\/\/schema.org\/CreativeWork\" ><div class='av-inner-masonry-sizer'><\/div><figure class='av-inner-masonry main_color'><div class=\"av-masonry-outerimage-container\"><div class=\"av-masonry-image-container\" style=\"background-image: url(https:\/\/www.ozbud.com.pl\/wp-content\/uploads\/2007\/03\/HALA_TCE_2.jpg);\"><img decoding=\"async\" src=\"https:\/\/www.ozbud.com.pl\/wp-content\/uploads\/2007\/03\/HALA_TCE_2.jpg\" title=\"HALA_TCE_2\" alt=\"\" \/><\/div><\/div><figcaption class='av-inner-masonry-content site-background'><div class='av-inner-masonry-content-pos'><div class='av-inner-masonry-content-pos-content'><div class='avia-arrow'><\/div><h3 class='av-masonry-entry-title entry-title'  itemprop=\"headline\" >Hala Przemys\u0142owa TPS<\/h3><\/div><\/div><\/figcaption><\/figure><\/a><!--end av-masonry entry--><a href=\"https:\/\/www.ozbud.com.pl\/index.php\/realizacje\/remont-kamienicy-traugutta\/\" id='av-masonry-1-item-1132' data-av-masonry-item='1132' class='av-masonry-entry isotope-item post-1132 portfolio type-portfolio status-publish has-post-thumbnail hentry portfolio_entries-budownictwo-mieszkaniowe portfolio_entries-remonty-i-renowacje  av-masonry-item-with-image av-grid-img' title=\"Remont Kamienicy ul. Traugutta\"  itemscope=\"itemscope\" itemtype=\"https:\/\/schema.org\/CreativeWork\" ><div class='av-inner-masonry-sizer'><\/div><figure class='av-inner-masonry main_color'><div class=\"av-masonry-outerimage-container\"><div class=\"av-masonry-image-container\" style=\"background-image: url(https:\/\/www.ozbud.com.pl\/wp-content\/uploads\/2018\/03\/TRAUGUTTA_1.jpg);\"><img decoding=\"async\" src=\"https:\/\/www.ozbud.com.pl\/wp-content\/uploads\/2018\/03\/TRAUGUTTA_1.jpg\" title=\"TRAUGUTTA_1\" alt=\"\" \/><\/div><\/div><figcaption class='av-inner-masonry-content site-background'><div class='av-inner-masonry-content-pos'><div class='av-inner-masonry-content-pos-content'><div class='avia-arrow'><\/div><h3 class='av-masonry-entry-title entry-title'  itemprop=\"headline\" >Remont Kamienicy ul. Traugutta<\/h3><\/div><\/div><\/figcaption><\/figure><\/a><!--end av-masonry entry--><a href=\"https:\/\/www.ozbud.com.pl\/index.php\/realizacje\/dps-wroclaw\/\" id='av-masonry-1-item-1128' data-av-masonry-item='1128' class='av-masonry-entry isotope-item post-1128 portfolio type-portfolio status-publish has-post-thumbnail hentry portfolio_entries-obiekty-uzytecznosci-publicznej portfolio_entries-remonty-i-renowacje portfolio_entries-roboty-dekarskie  av-masonry-item-with-image av-grid-img' title=\"Dom Pomocy Spo\u0142ecznej we Wroc\u0142awiu\"  itemscope=\"itemscope\" itemtype=\"https:\/\/schema.org\/CreativeWork\" ><div class='av-inner-masonry-sizer'><\/div><figure class='av-inner-masonry main_color'><div class=\"av-masonry-outerimage-container\"><div class=\"av-masonry-image-container\" style=\"background-image: url(https:\/\/www.ozbud.com.pl\/wp-content\/uploads\/2018\/03\/MOPS_1.jpg);\"><img decoding=\"async\" src=\"https:\/\/www.ozbud.com.pl\/wp-content\/uploads\/2018\/03\/MOPS_1.jpg\" title=\"MOPS_1\" alt=\"\" \/><\/div><\/div><figcaption class='av-inner-masonry-content site-background'><div class='av-inner-masonry-content-pos'><div class='av-inner-masonry-content-pos-content'><div class='avia-arrow'><\/div><h3 class='av-masonry-entry-title entry-title'  itemprop=\"headline\" >Dom Pomocy Spo\u0142ecznej we Wroc\u0142awiu<\/h3><\/div><\/div><\/figcaption><\/figure><\/a><!--end av-masonry entry--><a href=\"https:\/\/www.ozbud.com.pl\/index.php\/realizacje\/hala-przemyslowa-tps\/\" id='av-masonry-1-item-876' data-av-masonry-item='876' class='av-masonry-entry isotope-item post-876 portfolio type-portfolio status-publish has-post-thumbnail hentry portfolio_entries-budownictwo-przemyslowe  av-masonry-item-with-image av-grid-img' title=\"Hala Przemys\u0142owa TPS\"  itemscope=\"itemscope\" itemtype=\"https:\/\/schema.org\/CreativeWork\" ><div class='av-inner-masonry-sizer'><\/div><figure class='av-inner-masonry main_color'><div class=\"av-masonry-outerimage-container\"><div class=\"av-masonry-image-container\" style=\"background-image: url(https:\/\/www.ozbud.com.pl\/wp-content\/uploads\/2007\/03\/HALA_TCE_2.jpg);\"><img decoding=\"async\" src=\"https:\/\/www.ozbud.com.pl\/wp-content\/uploads\/2007\/03\/HALA_TCE_2.jpg\" title=\"HALA_TCE_2\" alt=\"\" \/><\/div><\/div><figcaption class='av-inner-masonry-content site-background'><div class='av-inner-masonry-content-pos'><div class='av-inner-masonry-content-pos-content'><div class='avia-arrow'><\/div><h3 class='av-masonry-entry-title entry-title'  itemprop=\"headline\" >Hala Przemys\u0142owa TPS<\/h3><\/div><\/div><\/figcaption><\/figure><\/a><!--end av-masonry entry--><a href=\"https:\/\/www.ozbud.com.pl\/index.php\/realizacje\/hala-przemyslowa-sca\/\" id='av-masonry-1-item-870' data-av-masonry-item='870' class='av-masonry-entry isotope-item post-870 portfolio type-portfolio status-publish has-post-thumbnail hentry portfolio_entries-budownictwo-przemyslowe  av-masonry-item-with-image av-grid-img' title=\"Hala Przemys\u0142owa SCA Packaging\"  itemscope=\"itemscope\" itemtype=\"https:\/\/schema.org\/CreativeWork\" ><div class='av-inner-masonry-sizer'><\/div><figure class='av-inner-masonry main_color'><div class=\"av-masonry-outerimage-container\"><div class=\"av-masonry-image-container\" style=\"background-image: url(https:\/\/www.ozbud.com.pl\/wp-content\/uploads\/2018\/03\/SCA_1.jpg);\"><img decoding=\"async\" src=\"https:\/\/www.ozbud.com.pl\/wp-content\/uploads\/2018\/03\/SCA_1.jpg\" title=\"SCA_1\" alt=\"\" \/><\/div><\/div><figcaption class='av-inner-masonry-content site-background'><div class='av-inner-masonry-content-pos'><div class='av-inner-masonry-content-pos-content'><div class='avia-arrow'><\/div><h3 class='av-masonry-entry-title entry-title'  itemprop=\"headline\" >Hala Przemys\u0142owa SCA Packaging<\/h3><\/div><\/div><\/figcaption><\/figure><\/a><!--end av-masonry entry--><a href=\"https:\/\/www.ozbud.com.pl\/index.php\/de\/realizacje\/remont-awf-de\/\" id='av-masonry-1-item-1615' data-av-masonry-item='1615' class='av-masonry-entry isotope-item post-1615 portfolio type-portfolio status-publish has-post-thumbnail hentry portfolio_entries-modernisierungen-und-renovierungen portfolio_entries-oeffentliche-gebaeude  av-masonry-item-with-image av-grid-img' title=\"Remont Budynku dla AWF\"  itemscope=\"itemscope\" itemtype=\"https:\/\/schema.org\/CreativeWork\" ><div class='av-inner-masonry-sizer'><\/div><figure class='av-inner-masonry main_color'><div class=\"av-masonry-outerimage-container\"><div class=\"av-masonry-image-container\" style=\"background-image: url(https:\/\/www.ozbud.com.pl\/wp-content\/uploads\/2018\/03\/AWF_1.jpg);\"><img decoding=\"async\" src=\"https:\/\/www.ozbud.com.pl\/wp-content\/uploads\/2018\/03\/AWF_1.jpg\" title=\"AWF_1\" alt=\"\" \/><\/div><\/div><figcaption class='av-inner-masonry-content site-background'><div class='av-inner-masonry-content-pos'><div class='av-inner-masonry-content-pos-content'><div class='avia-arrow'><\/div><h3 class='av-masonry-entry-title entry-title'  itemprop=\"headline\" >Remont Budynku dla AWF<\/h3><\/div><\/div><\/figcaption><\/figure><\/a><!--end av-masonry entry--><a href=\"https:\/\/www.ozbud.com.pl\/index.php\/de\/realizacje\/biuro-wystaw-de\/\" id='av-masonry-1-item-1614' data-av-masonry-item='1614' class='av-masonry-entry isotope-item post-1614 portfolio type-portfolio status-publish has-post-thumbnail hentry portfolio_entries-modernisierungen-und-renovierungen portfolio_entries-oeffentliche-gebaeude  av-masonry-item-with-image av-grid-img' title=\"Biuro Wystaw przy ul. Wita Stwosza\"  itemscope=\"itemscope\" itemtype=\"https:\/\/schema.org\/CreativeWork\" ><div class='av-inner-masonry-sizer'><\/div><figure class='av-inner-masonry main_color'><div class=\"av-masonry-outerimage-container\"><div class=\"av-masonry-image-container\" style=\"background-image: url(https:\/\/www.ozbud.com.pl\/wp-content\/uploads\/2018\/03\/BWA_1-1.jpg);\"><img decoding=\"async\" src=\"https:\/\/www.ozbud.com.pl\/wp-content\/uploads\/2018\/03\/BWA_1-1.jpg\" title=\"BWA_1\" alt=\"\" \/><\/div><\/div><figcaption class='av-inner-masonry-content site-background'><div class='av-inner-masonry-content-pos'><div class='av-inner-masonry-content-pos-content'><div class='avia-arrow'><\/div><h3 class='av-masonry-entry-title entry-title'  itemprop=\"headline\" >Biuro Wystaw przy ul. Wita Stwosza<\/h3><\/div><\/div><\/figcaption><\/figure><\/a><!--end av-masonry entry--><a href=\"https:\/\/www.ozbud.com.pl\/index.php\/de\/realizacje\/remont-akademia-rolnicza-de\/\" id='av-masonry-1-item-1616' data-av-masonry-item='1616' class='av-masonry-entry isotope-item post-1616 portfolio type-portfolio status-publish has-post-thumbnail hentry portfolio_entries-modernisierungen-und-renovierungen portfolio_entries-oeffentliche-gebaeude  av-masonry-item-with-image av-grid-img' title=\"Remont Budynku dla Akademii Rolniczej\"  itemscope=\"itemscope\" itemtype=\"https:\/\/schema.org\/CreativeWork\" ><div class='av-inner-masonry-sizer'><\/div><figure class='av-inner-masonry main_color'><div class=\"av-masonry-outerimage-container\"><div class=\"av-masonry-image-container\" style=\"background-image: url(https:\/\/www.ozbud.com.pl\/wp-content\/uploads\/2002\/03\/LABIRYNT_1.jpg);\"><img decoding=\"async\" src=\"https:\/\/www.ozbud.com.pl\/wp-content\/uploads\/2002\/03\/LABIRYNT_1.jpg\" title=\"LABIRYNT_1\" alt=\"\" \/><\/div><\/div><figcaption class='av-inner-masonry-content site-background'><div class='av-inner-masonry-content-pos'><div class='av-inner-masonry-content-pos-content'><div class='avia-arrow'><\/div><h3 class='av-masonry-entry-title entry-title'  itemprop=\"headline\" >Remont Budynku dla Akademii Rolniczej<\/h3><\/div><\/div><\/figcaption><\/figure><\/a><!--end av-masonry entry--><a href=\"https:\/\/www.ozbud.com.pl\/index.php\/realizacje\/biuro-wystaw\/\" id='av-masonry-1-item-957' data-av-masonry-item='957' class='av-masonry-entry isotope-item post-957 portfolio type-portfolio status-publish has-post-thumbnail hentry portfolio_entries-obiekty-uzytecznosci-publicznej portfolio_entries-remonty-i-renowacje  av-masonry-item-with-image av-grid-img' title=\"Biuro Wystaw przy ul. Wita Stwosza\"  itemscope=\"itemscope\" itemtype=\"https:\/\/schema.org\/CreativeWork\" ><div class='av-inner-masonry-sizer'><\/div><figure class='av-inner-masonry main_color'><div class=\"av-masonry-outerimage-container\"><div class=\"av-masonry-image-container\" style=\"background-image: url(https:\/\/www.ozbud.com.pl\/wp-content\/uploads\/2018\/03\/BWA_1-1.jpg);\"><img decoding=\"async\" src=\"https:\/\/www.ozbud.com.pl\/wp-content\/uploads\/2018\/03\/BWA_1-1.jpg\" title=\"BWA_1\" alt=\"\" \/><\/div><\/div><figcaption class='av-inner-masonry-content site-background'><div class='av-inner-masonry-content-pos'><div class='av-inner-masonry-content-pos-content'><div class='avia-arrow'><\/div><h3 class='av-masonry-entry-title entry-title'  itemprop=\"headline\" >Biuro Wystaw przy ul. Wita Stwosza<\/h3><\/div><\/div><\/figcaption><\/figure><\/a><!--end av-masonry entry--><a href=\"https:\/\/www.ozbud.com.pl\/index.php\/realizacje\/remont-awf\/\" id='av-masonry-1-item-954' data-av-masonry-item='954' class='av-masonry-entry isotope-item post-954 portfolio type-portfolio status-publish has-post-thumbnail hentry portfolio_entries-obiekty-uzytecznosci-publicznej portfolio_entries-remonty-i-renowacje  av-masonry-item-with-image av-grid-img' title=\"Remont Budynku dla AWF\"  itemscope=\"itemscope\" itemtype=\"https:\/\/schema.org\/CreativeWork\" ><div class='av-inner-masonry-sizer'><\/div><figure class='av-inner-masonry main_color'><div class=\"av-masonry-outerimage-container\"><div class=\"av-masonry-image-container\" style=\"background-image: url(https:\/\/www.ozbud.com.pl\/wp-content\/uploads\/2018\/03\/AWF_1.jpg);\"><img decoding=\"async\" src=\"https:\/\/www.ozbud.com.pl\/wp-content\/uploads\/2018\/03\/AWF_1.jpg\" title=\"AWF_1\" alt=\"\" \/><\/div><\/div><figcaption class='av-inner-masonry-content site-background'><div class='av-inner-masonry-content-pos'><div class='av-inner-masonry-content-pos-content'><div class='avia-arrow'><\/div><h3 class='av-masonry-entry-title entry-title'  itemprop=\"headline\" >Remont Budynku dla AWF<\/h3><\/div><\/div><\/figcaption><\/figure><\/a><!--end av-masonry entry--><a href=\"https:\/\/www.ozbud.com.pl\/index.php\/realizacje\/remont-akademia-rolnicza\/\" id='av-masonry-1-item-944' data-av-masonry-item='944' class='av-masonry-entry isotope-item post-944 portfolio type-portfolio status-publish has-post-thumbnail hentry portfolio_entries-obiekty-uzytecznosci-publicznej portfolio_entries-remonty-i-renowacje  av-masonry-item-with-image av-grid-img' title=\"Remont Budynku dla Akademii Rolniczej\"  itemscope=\"itemscope\" itemtype=\"https:\/\/schema.org\/CreativeWork\" ><div class='av-inner-masonry-sizer'><\/div><figure class='av-inner-masonry main_color'><div class=\"av-masonry-outerimage-container\"><div class=\"av-masonry-image-container\" style=\"background-image: url(https:\/\/www.ozbud.com.pl\/wp-content\/uploads\/2002\/03\/LABIRYNT_1.jpg);\"><img decoding=\"async\" src=\"https:\/\/www.ozbud.com.pl\/wp-content\/uploads\/2002\/03\/LABIRYNT_1.jpg\" title=\"LABIRYNT_1\" alt=\"\" \/><\/div><\/div><figcaption class='av-inner-masonry-content site-background'><div class='av-inner-masonry-content-pos'><div class='av-inner-masonry-content-pos-content'><div class='avia-arrow'><\/div><h3 class='av-masonry-entry-title entry-title'  itemprop=\"headline\" >Remont Budynku dla Akademii Rolniczej<\/h3><\/div><\/div><\/figcaption><\/figure><\/a><!--end av-masonry entry--><a href=\"https:\/\/www.ozbud.com.pl\/index.php\/de\/realizacje\/sad-apelacyjny-wroclaw-de\/\" id='av-masonry-1-item-1617' data-av-masonry-item='1617' class='av-masonry-entry isotope-item post-1617 portfolio type-portfolio status-publish has-post-thumbnail hentry portfolio_entries-modernisierungen-und-renovierungen portfolio_entries-oeffentliche-gebaeude  av-masonry-item-with-image av-grid-img' title=\"S\u0105d Apelacyjny we Wroc\u0142awiu\"  itemscope=\"itemscope\" itemtype=\"https:\/\/schema.org\/CreativeWork\" ><div class='av-inner-masonry-sizer'><\/div><figure class='av-inner-masonry main_color'><div class=\"av-masonry-outerimage-container\"><div class=\"av-masonry-image-container\" style=\"background-image: url(https:\/\/www.ozbud.com.pl\/wp-content\/uploads\/2018\/03\/SAD_2.jpg);\"><img decoding=\"async\" src=\"https:\/\/www.ozbud.com.pl\/wp-content\/uploads\/2018\/03\/SAD_2.jpg\" title=\"SAD_2\" alt=\"\" \/><\/div><\/div><figcaption class='av-inner-masonry-content site-background'><div class='av-inner-masonry-content-pos'><div class='av-inner-masonry-content-pos-content'><div class='avia-arrow'><\/div><h3 class='av-masonry-entry-title entry-title'  itemprop=\"headline\" >S\u0105d Apelacyjny we Wroc\u0142awiu<\/h3><\/div><\/div><\/figcaption><\/figure><\/a><!--end av-masonry entry--><a href=\"https:\/\/www.ozbud.com.pl\/index.php\/de\/realizacje\/centrum-handlowo-uslugowe-olesnica-de\/\" id='av-masonry-1-item-1620' data-av-masonry-item='1620' class='av-masonry-entry isotope-item post-1620 portfolio type-portfolio status-publish has-post-thumbnail hentry portfolio_entries-industriegebaeude portfolio_entries-oeffentliche-gebaeude  av-masonry-item-with-image av-grid-img' title=\"Centrum Handlowo-Us\u0142ugowe w Ole\u015bnicy\"  itemscope=\"itemscope\" itemtype=\"https:\/\/schema.org\/CreativeWork\" ><div class='av-inner-masonry-sizer'><\/div><figure class='av-inner-masonry main_color'><div class=\"av-masonry-outerimage-container\"><div class=\"av-masonry-image-container\" style=\"background-image: url(https:\/\/www.ozbud.com.pl\/wp-content\/uploads\/2018\/03\/HALA_ASTRON_1.jpg);\"><img decoding=\"async\" src=\"https:\/\/www.ozbud.com.pl\/wp-content\/uploads\/2018\/03\/HALA_ASTRON_1.jpg\" title=\"HALA_ASTRON_1\" alt=\"\" \/><\/div><\/div><figcaption class='av-inner-masonry-content site-background'><div class='av-inner-masonry-content-pos'><div class='av-inner-masonry-content-pos-content'><div class='avia-arrow'><\/div><h3 class='av-masonry-entry-title entry-title'  itemprop=\"headline\" >Centrum Handlowo-Us\u0142ugowe w Ole\u015bnicy<\/h3><\/div><\/div><\/figcaption><\/figure><\/a><!--end av-masonry entry--><a href=\"https:\/\/www.ozbud.com.pl\/index.php\/de\/realizacje\/hala-magazynowa-agrar-technik-de\/\" id='av-masonry-1-item-1619' data-av-masonry-item='1619' class='av-masonry-entry isotope-item post-1619 portfolio type-portfolio status-publish has-post-thumbnail hentry portfolio_entries-industriegebaeude  av-masonry-item-with-image av-grid-img' title=\"Hala Magazynowa Agrar Technik\"  itemscope=\"itemscope\" itemtype=\"https:\/\/schema.org\/CreativeWork\" ><div class='av-inner-masonry-sizer'><\/div><figure class='av-inner-masonry main_color'><div class=\"av-masonry-outerimage-container\"><div class=\"av-masonry-image-container\" style=\"background-image: url(https:\/\/www.ozbud.com.pl\/wp-content\/uploads\/2018\/03\/HALA_MIROSLAWICE_4-1.jpg);\"><img decoding=\"async\" src=\"https:\/\/www.ozbud.com.pl\/wp-content\/uploads\/2018\/03\/HALA_MIROSLAWICE_4-1.jpg\" title=\"HALA_MIROSLAWICE_4\" alt=\"\" \/><\/div><\/div><figcaption class='av-inner-masonry-content site-background'><div class='av-inner-masonry-content-pos'><div class='av-inner-masonry-content-pos-content'><div class='avia-arrow'><\/div><h3 class='av-masonry-entry-title entry-title'  itemprop=\"headline\" >Hala Magazynowa Agrar Technik<\/h3><\/div><\/div><\/figcaption><\/figure><\/a><!--end av-masonry entry--><a href=\"https:\/\/www.ozbud.com.pl\/index.php\/de\/realizacje\/komenda-polbina-de\/\" id='av-masonry-1-item-1618' data-av-masonry-item='1618' class='av-masonry-entry isotope-item post-1618 portfolio type-portfolio status-publish has-post-thumbnail hentry portfolio_entries-dachdeckerarbeiten portfolio_entries-modernisierungen-und-renovierungen  av-masonry-item-with-image av-grid-img' title=\"Komenda Wojew\u00f3dzka przy ul. Po\u0142bina\"  itemscope=\"itemscope\" itemtype=\"https:\/\/schema.org\/CreativeWork\" ><div class='av-inner-masonry-sizer'><\/div><figure class='av-inner-masonry main_color'><div class=\"av-masonry-outerimage-container\"><div class=\"av-masonry-image-container\" style=\"background-image: url(https:\/\/www.ozbud.com.pl\/wp-content\/uploads\/2018\/03\/POLICJA_2.jpg);\"><img decoding=\"async\" src=\"https:\/\/www.ozbud.com.pl\/wp-content\/uploads\/2018\/03\/POLICJA_2.jpg\" title=\"POLICJA_2\" alt=\"\" \/><\/div><\/div><figcaption class='av-inner-masonry-content site-background'><div class='av-inner-masonry-content-pos'><div class='av-inner-masonry-content-pos-content'><div class='avia-arrow'><\/div><h3 class='av-masonry-entry-title entry-title'  itemprop=\"headline\" >Komenda Wojew\u00f3dzka przy ul. Po\u0142bina<\/h3><\/div><\/div><\/figcaption><\/figure><\/a><!--end av-masonry entry--><a href=\"https:\/\/www.ozbud.com.pl\/index.php\/realizacje\/sad-apelacyjny-wroclaw\/\" id='av-masonry-1-item-1092' data-av-masonry-item='1092' class='av-masonry-entry isotope-item post-1092 portfolio type-portfolio status-publish has-post-thumbnail hentry portfolio_entries-obiekty-uzytecznosci-publicznej portfolio_entries-remonty-i-renowacje  av-masonry-item-with-image av-grid-img' title=\"S\u0105d Apelacyjny we Wroc\u0142awiu\"  itemscope=\"itemscope\" itemtype=\"https:\/\/schema.org\/CreativeWork\" ><div class='av-inner-masonry-sizer'><\/div><figure class='av-inner-masonry main_color'><div class=\"av-masonry-outerimage-container\"><div class=\"av-masonry-image-container\" style=\"background-image: url(https:\/\/www.ozbud.com.pl\/wp-content\/uploads\/2018\/03\/SAD_2.jpg);\"><img decoding=\"async\" src=\"https:\/\/www.ozbud.com.pl\/wp-content\/uploads\/2018\/03\/SAD_2.jpg\" title=\"SAD_2\" alt=\"\" \/><\/div><\/div><figcaption class='av-inner-masonry-content site-background'><div class='av-inner-masonry-content-pos'><div class='av-inner-masonry-content-pos-content'><div class='avia-arrow'><\/div><h3 class='av-masonry-entry-title entry-title'  itemprop=\"headline\" >S\u0105d Apelacyjny we Wroc\u0142awiu<\/h3><\/div><\/div><\/figcaption><\/figure><\/a><!--end av-masonry entry--><a href=\"https:\/\/www.ozbud.com.pl\/index.php\/realizacje\/komenda-polbina\/\" id='av-masonry-1-item-1089' data-av-masonry-item='1089' class='av-masonry-entry isotope-item post-1089 portfolio type-portfolio status-publish has-post-thumbnail hentry portfolio_entries-obiekty-uzytecznosci-publicznej portfolio_entries-remonty-i-renowacje  av-masonry-item-with-image av-grid-img' title=\"Komenda Wojew\u00f3dzka przy ul. Po\u0142bina\"  itemscope=\"itemscope\" itemtype=\"https:\/\/schema.org\/CreativeWork\" ><div class='av-inner-masonry-sizer'><\/div><figure class='av-inner-masonry main_color'><div class=\"av-masonry-outerimage-container\"><div class=\"av-masonry-image-container\" style=\"background-image: url(https:\/\/www.ozbud.com.pl\/wp-content\/uploads\/2018\/03\/POLICJA_2.jpg);\"><img decoding=\"async\" src=\"https:\/\/www.ozbud.com.pl\/wp-content\/uploads\/2018\/03\/POLICJA_2.jpg\" title=\"POLICJA_2\" alt=\"\" \/><\/div><\/div><figcaption class='av-inner-masonry-content site-background'><div class='av-inner-masonry-content-pos'><div class='av-inner-masonry-content-pos-content'><div class='avia-arrow'><\/div><h3 class='av-masonry-entry-title entry-title'  itemprop=\"headline\" >Komenda Wojew\u00f3dzka przy ul. Po\u0142bina<\/h3><\/div><\/div><\/figcaption><\/figure><\/a><!--end av-masonry entry--><a href=\"https:\/\/www.ozbud.com.pl\/index.php\/realizacje\/hala-magazynowa-agrar-technik\/\" id='av-masonry-1-item-888' data-av-masonry-item='888' class='av-masonry-entry isotope-item post-888 portfolio type-portfolio status-publish has-post-thumbnail hentry portfolio_entries-budownictwo-przemyslowe  av-masonry-item-with-image av-grid-img' title=\"Hala Magazynowa Agrar Technik\"  itemscope=\"itemscope\" itemtype=\"https:\/\/schema.org\/CreativeWork\" ><div class='av-inner-masonry-sizer'><\/div><figure class='av-inner-masonry main_color'><div class=\"av-masonry-outerimage-container\"><div class=\"av-masonry-image-container\" style=\"background-image: url(https:\/\/www.ozbud.com.pl\/wp-content\/uploads\/2018\/03\/HALA_MIROSLAWICE_4-1.jpg);\"><img decoding=\"async\" src=\"https:\/\/www.ozbud.com.pl\/wp-content\/uploads\/2018\/03\/HALA_MIROSLAWICE_4-1.jpg\" title=\"HALA_MIROSLAWICE_4\" alt=\"\" \/><\/div><\/div><figcaption class='av-inner-masonry-content site-background'><div class='av-inner-masonry-content-pos'><div class='av-inner-masonry-content-pos-content'><div class='avia-arrow'><\/div><h3 class='av-masonry-entry-title entry-title'  itemprop=\"headline\" >Hala Magazynowa Agrar Technik<\/h3><\/div><\/div><\/figcaption><\/figure><\/a><!--end av-masonry entry--><a href=\"https:\/\/www.ozbud.com.pl\/index.php\/realizacje\/centrum-handlowo-uslugowe-olesnica\/\" id='av-masonry-1-item-863' data-av-masonry-item='863' class='av-masonry-entry isotope-item post-863 portfolio type-portfolio status-publish has-post-thumbnail hentry portfolio_entries-budownictwo-przemyslowe  av-masonry-item-with-image av-grid-img' title=\"Centrum Handlowo-Us\u0142ugowe w Ole\u015bnicy\"  itemscope=\"itemscope\" itemtype=\"https:\/\/schema.org\/CreativeWork\" ><div class='av-inner-masonry-sizer'><\/div><figure class='av-inner-masonry main_color'><div class=\"av-masonry-outerimage-container\"><div class=\"av-masonry-image-container\" style=\"background-image: url(https:\/\/www.ozbud.com.pl\/wp-content\/uploads\/2018\/03\/HALA_ASTRON_1.jpg);\"><img decoding=\"async\" src=\"https:\/\/www.ozbud.com.pl\/wp-content\/uploads\/2018\/03\/HALA_ASTRON_1.jpg\" title=\"HALA_ASTRON_1\" alt=\"\" \/><\/div><\/div><figcaption class='av-inner-masonry-content site-background'><div class='av-inner-masonry-content-pos'><div class='av-inner-masonry-content-pos-content'><div class='avia-arrow'><\/div><h3 class='av-masonry-entry-title entry-title'  itemprop=\"headline\" >Centrum Handlowo-Us\u0142ugowe w Ole\u015bnicy<\/h3><\/div><\/div><\/figcaption><\/figure><\/a><!--end av-masonry entry--><a href=\"https:\/\/www.ozbud.com.pl\/index.php\/realizacje\/hala-magazynowa-georg-utz\/\" id='av-masonry-1-item-855' data-av-masonry-item='855' class='av-masonry-entry isotope-item post-855 portfolio type-portfolio status-publish has-post-thumbnail hentry portfolio_entries-budownictwo-przemyslowe  av-masonry-item-with-image av-grid-img' title=\"Hala Magazynowa Georg UTZ\"  itemscope=\"itemscope\" itemtype=\"https:\/\/schema.org\/CreativeWork\" ><div class='av-inner-masonry-sizer'><\/div><figure class='av-inner-masonry main_color'><div class=\"av-masonry-outerimage-container\"><div class=\"av-masonry-image-container\" style=\"background-image: url(https:\/\/www.ozbud.com.pl\/wp-content\/uploads\/2018\/03\/HALA_UTZ_1-e1521202870670.jpg);\"><img decoding=\"async\" src=\"https:\/\/www.ozbud.com.pl\/wp-content\/uploads\/2018\/03\/HALA_UTZ_1-e1521202870670.jpg\" title=\"HALA_UTZ_1\" alt=\"\" \/><\/div><\/div><figcaption class='av-inner-masonry-content site-background'><div class='av-inner-masonry-content-pos'><div class='av-inner-masonry-content-pos-content'><div class='avia-arrow'><\/div><h3 class='av-masonry-entry-title entry-title'  itemprop=\"headline\" >Hala Magazynowa Georg UTZ<\/h3><\/div><\/div><\/figcaption><\/figure><\/a><!--end av-masonry entry--><a href=\"https:\/\/www.ozbud.com.pl\/index.php\/de\/realizacje\/hala-magazynowa-grupa-open-de\/\" id='av-masonry-1-item-1622' data-av-masonry-item='1622' class='av-masonry-entry isotope-item post-1622 portfolio type-portfolio status-publish has-post-thumbnail hentry portfolio_entries-industriegebaeude  av-masonry-item-with-image av-grid-img' title=\"Hala Magazynowa Grupa OPEN\"  itemscope=\"itemscope\" itemtype=\"https:\/\/schema.org\/CreativeWork\" ><div class='av-inner-masonry-sizer'><\/div><figure class='av-inner-masonry main_color'><div class=\"av-masonry-outerimage-container\"><div class=\"av-masonry-image-container\" style=\"background-image: url(https:\/\/www.ozbud.com.pl\/wp-content\/uploads\/2018\/03\/HALA_OPEN_1.jpg);\"><img decoding=\"async\" src=\"https:\/\/www.ozbud.com.pl\/wp-content\/uploads\/2018\/03\/HALA_OPEN_1.jpg\" title=\"HALA_OPEN_1\" alt=\"\" \/><\/div><\/div><figcaption class='av-inner-masonry-content site-background'><div class='av-inner-masonry-content-pos'><div class='av-inner-masonry-content-pos-content'><div class='avia-arrow'><\/div><h3 class='av-masonry-entry-title entry-title'  itemprop=\"headline\" >Hala Magazynowa Grupa OPEN<\/h3><\/div><\/div><\/figcaption><\/figure><\/a><!--end av-masonry entry--><a href=\"https:\/\/www.ozbud.com.pl\/index.php\/realizacje\/hala-magazynowa-grupa-open\/\" id='av-masonry-1-item-838' data-av-masonry-item='838' class='av-masonry-entry isotope-item post-838 portfolio type-portfolio status-publish has-post-thumbnail hentry portfolio_entries-budownictwo-przemyslowe  av-masonry-item-with-image av-grid-img' title=\"Hala Magazynowa Grupa OPEN\"  itemscope=\"itemscope\" itemtype=\"https:\/\/schema.org\/CreativeWork\" ><div class='av-inner-masonry-sizer'><\/div><figure class='av-inner-masonry main_color'><div class=\"av-masonry-outerimage-container\"><div class=\"av-masonry-image-container\" style=\"background-image: url(https:\/\/www.ozbud.com.pl\/wp-content\/uploads\/2018\/03\/HALA_OPEN_1.jpg);\"><img decoding=\"async\" src=\"https:\/\/www.ozbud.com.pl\/wp-content\/uploads\/2018\/03\/HALA_OPEN_1.jpg\" title=\"HALA_OPEN_1\" alt=\"\" \/><\/div><\/div><figcaption class='av-inner-masonry-content site-background'><div class='av-inner-masonry-content-pos'><div class='av-inner-masonry-content-pos-content'><div class='avia-arrow'><\/div><h3 class='av-masonry-entry-title entry-title'  itemprop=\"headline\" >Hala Magazynowa Grupa OPEN<\/h3><\/div><\/div><\/figcaption><\/figure><\/a><!--end av-masonry entry--><a href=\"https:\/\/www.ozbud.com.pl\/index.php\/de\/realizacje\/hala-strzelin-2003-de\/\" id='av-masonry-1-item-1623' data-av-masonry-item='1623' class='av-masonry-entry isotope-item post-1623 portfolio type-portfolio status-publish has-post-thumbnail hentry portfolio_entries-industriegebaeude  av-masonry-item-with-image av-grid-img' title=\"Hala Przemys\u0142owa w Strzelinie\"  itemscope=\"itemscope\" itemtype=\"https:\/\/schema.org\/CreativeWork\" ><div class='av-inner-masonry-sizer'><\/div><figure class='av-inner-masonry main_color'><div class=\"av-masonry-outerimage-container\"><div class=\"av-masonry-image-container\" style=\"background-image: url(https:\/\/www.ozbud.com.pl\/wp-content\/uploads\/2018\/03\/HALA_SKANSKA-2.jpg);\"><img decoding=\"async\" src=\"https:\/\/www.ozbud.com.pl\/wp-content\/uploads\/2018\/03\/HALA_SKANSKA-2.jpg\" title=\"DCF 1.0\" alt=\"\" \/><\/div><\/div><figcaption class='av-inner-masonry-content site-background'><div class='av-inner-masonry-content-pos'><div class='av-inner-masonry-content-pos-content'><div class='avia-arrow'><\/div><h3 class='av-masonry-entry-title entry-title'  itemprop=\"headline\" >Hala Przemys\u0142owa w Strzelinie<\/h3><\/div><\/div><\/figcaption><\/figure><\/a><!--end av-masonry entry--><a href=\"https:\/\/www.ozbud.com.pl\/index.php\/realizacje\/hala-strzelin-2003\/\" id='av-masonry-1-item-821' data-av-masonry-item='821' class='av-masonry-entry isotope-item post-821 portfolio type-portfolio status-publish has-post-thumbnail hentry portfolio_entries-budownictwo-przemyslowe  av-masonry-item-with-image av-grid-img' title=\"Hala Przemys\u0142owa w Strzelinie\"  itemscope=\"itemscope\" itemtype=\"https:\/\/schema.org\/CreativeWork\" ><div class='av-inner-masonry-sizer'><\/div><figure class='av-inner-masonry main_color'><div class=\"av-masonry-outerimage-container\"><div class=\"av-masonry-image-container\" style=\"background-image: url(https:\/\/www.ozbud.com.pl\/wp-content\/uploads\/2018\/03\/HALA_SKANSKA-2.jpg);\"><img decoding=\"async\" src=\"https:\/\/www.ozbud.com.pl\/wp-content\/uploads\/2018\/03\/HALA_SKANSKA-2.jpg\" title=\"DCF 1.0\" alt=\"\" \/><\/div><\/div><figcaption class='av-inner-masonry-content site-background'><div class='av-inner-masonry-content-pos'><div class='av-inner-masonry-content-pos-content'><div class='avia-arrow'><\/div><h3 class='av-masonry-entry-title entry-title'  itemprop=\"headline\" >Hala Przemys\u0142owa w Strzelinie<\/h3><\/div><\/div><\/figcaption><\/figure><\/a><!--end av-masonry entry--><a href=\"https:\/\/www.ozbud.com.pl\/index.php\/de\/realizacje\/remonty-i-adaptacje-delaval-de\/\" id='av-masonry-1-item-1625' data-av-masonry-item='1625' class='av-masonry-entry isotope-item post-1625 portfolio type-portfolio status-publish has-post-thumbnail hentry portfolio_entries-industriegebaeude portfolio_entries-modernisierungen-und-renovierungen  av-masonry-item-with-image av-grid-img' title=\"Remonty i Adaptacje Hal &#8211; Delaval\"  itemscope=\"itemscope\" itemtype=\"https:\/\/schema.org\/CreativeWork\" ><div class='av-inner-masonry-sizer'><\/div><figure class='av-inner-masonry main_color'><div class=\"av-masonry-outerimage-container\"><div class=\"av-masonry-image-container\" style=\"background-image: url(https:\/\/www.ozbud.com.pl\/wp-content\/uploads\/2018\/03\/HALA_DELAVAL_1.jpg);\"><img decoding=\"async\" src=\"https:\/\/www.ozbud.com.pl\/wp-content\/uploads\/2018\/03\/HALA_DELAVAL_1.jpg\" title=\"DCF 1.0\" alt=\"\" \/><\/div><\/div><figcaption class='av-inner-masonry-content site-background'><div class='av-inner-masonry-content-pos'><div class='av-inner-masonry-content-pos-content'><div class='avia-arrow'><\/div><h3 class='av-masonry-entry-title entry-title'  itemprop=\"headline\" >Remonty i Adaptacje Hal &#8211; Delaval<\/h3><\/div><\/div><\/figcaption><\/figure><\/a><!--end av-masonry entry--><a href=\"https:\/\/www.ozbud.com.pl\/index.php\/de\/realizacje\/budynek-biurowy-dozamel-de\/\" id='av-masonry-1-item-1624' data-av-masonry-item='1624' class='av-masonry-entry isotope-item post-1624 portfolio type-portfolio status-publish has-post-thumbnail hentry portfolio_entries-industriegebaeude portfolio_entries-modernisierungen-und-renovierungen  av-masonry-item-with-image av-grid-img' title=\"Budynek Biurowy Ronal &#8211; de\"  itemscope=\"itemscope\" itemtype=\"https:\/\/schema.org\/CreativeWork\" ><div class='av-inner-masonry-sizer'><\/div><figure class='av-inner-masonry main_color'><div class=\"av-masonry-outerimage-container\"><div class=\"av-masonry-image-container\" style=\"background-image: url(https:\/\/www.ozbud.com.pl\/wp-content\/uploads\/2018\/03\/RONAL_1.jpg);\"><img decoding=\"async\" src=\"https:\/\/www.ozbud.com.pl\/wp-content\/uploads\/2018\/03\/RONAL_1.jpg\" title=\"DCF 1.0\" alt=\"\" \/><\/div><\/div><figcaption class='av-inner-masonry-content site-background'><div class='av-inner-masonry-content-pos'><div class='av-inner-masonry-content-pos-content'><div class='avia-arrow'><\/div><h3 class='av-masonry-entry-title entry-title'  itemprop=\"headline\" >Budynek Biurowy Ronal &#8211; de<\/h3><\/div><\/div><\/figcaption><\/figure><\/a><!--end av-masonry entry--><a href=\"https:\/\/www.ozbud.com.pl\/index.php\/realizacje\/budynek-biurowy-dozamel\/\" id='av-masonry-1-item-913' data-av-masonry-item='913' class='av-masonry-entry isotope-item post-913 portfolio type-portfolio status-publish has-post-thumbnail hentry portfolio_entries-budownictwo-przemyslowe portfolio_entries-remonty-i-renowacje  av-masonry-item-with-image av-grid-img' title=\"Budynek Biurowy Ronal\"  itemscope=\"itemscope\" itemtype=\"https:\/\/schema.org\/CreativeWork\" ><div class='av-inner-masonry-sizer'><\/div><figure class='av-inner-masonry main_color'><div class=\"av-masonry-outerimage-container\"><div class=\"av-masonry-image-container\" style=\"background-image: url(https:\/\/www.ozbud.com.pl\/wp-content\/uploads\/2018\/03\/RONAL_1.jpg);\"><img decoding=\"async\" src=\"https:\/\/www.ozbud.com.pl\/wp-content\/uploads\/2018\/03\/RONAL_1.jpg\" title=\"DCF 1.0\" alt=\"\" \/><\/div><\/div><figcaption class='av-inner-masonry-content site-background'><div class='av-inner-masonry-content-pos'><div class='av-inner-masonry-content-pos-content'><div class='avia-arrow'><\/div><h3 class='av-masonry-entry-title entry-title'  itemprop=\"headline\" >Budynek Biurowy Ronal<\/h3><\/div><\/div><\/figcaption><\/figure><\/a><!--end av-masonry entry--><a href=\"https:\/\/www.ozbud.com.pl\/index.php\/realizacje\/remonty-i-adaptacje-delaval\/\" id='av-masonry-1-item-560' data-av-masonry-item='560' class='av-masonry-entry isotope-item post-560 portfolio type-portfolio status-publish has-post-thumbnail hentry portfolio_entries-budownictwo-przemyslowe portfolio_entries-remonty-i-renowacje  av-masonry-item-with-image av-grid-img' title=\"Remonty i Adaptacje Hal &#8211; Delaval\"  itemscope=\"itemscope\" itemtype=\"https:\/\/schema.org\/CreativeWork\" ><div class='av-inner-masonry-sizer'><\/div><figure class='av-inner-masonry main_color'><div class=\"av-masonry-outerimage-container\"><div class=\"av-masonry-image-container\" style=\"background-image: url(https:\/\/www.ozbud.com.pl\/wp-content\/uploads\/2018\/03\/HALA_DELAVAL_1.jpg);\"><img decoding=\"async\" src=\"https:\/\/www.ozbud.com.pl\/wp-content\/uploads\/2018\/03\/HALA_DELAVAL_1.jpg\" title=\"DCF 1.0\" alt=\"\" \/><\/div><\/div><figcaption class='av-inner-masonry-content site-background'><div class='av-inner-masonry-content-pos'><div class='av-inner-masonry-content-pos-content'><div class='avia-arrow'><\/div><h3 class='av-masonry-entry-title entry-title'  itemprop=\"headline\" >Remonty i Adaptacje Hal &#8211; Delaval<\/h3><\/div><\/div><\/figcaption><\/figure><\/a><!--end av-masonry entry--><a href=\"https:\/\/www.ozbud.com.pl\/index.php\/de\/realizacje\/hala-przemyslowa-armstrong-insulation-de\/\" id='av-masonry-1-item-1626' data-av-masonry-item='1626' class='av-masonry-entry isotope-item post-1626 portfolio type-portfolio status-publish has-post-thumbnail hentry portfolio_entries-industriegebaeude  av-masonry-item-with-image av-grid-img' title=\"Hala Przemys\u0142owa Armstrong Insulation\"  itemscope=\"itemscope\" itemtype=\"https:\/\/schema.org\/CreativeWork\" ><div class='av-inner-masonry-sizer'><\/div><figure class='av-inner-masonry main_color'><div class=\"av-masonry-outerimage-container\"><div class=\"av-masonry-image-container\" style=\"background-image: url(https:\/\/www.ozbud.com.pl\/wp-content\/uploads\/2018\/03\/ARMSTRONG.jpg);\"><img decoding=\"async\" src=\"https:\/\/www.ozbud.com.pl\/wp-content\/uploads\/2018\/03\/ARMSTRONG.jpg\" title=\"ARMSTRONG\" alt=\"\" \/><\/div><\/div><figcaption class='av-inner-masonry-content site-background'><div class='av-inner-masonry-content-pos'><div class='av-inner-masonry-content-pos-content'><div class='avia-arrow'><\/div><h3 class='av-masonry-entry-title entry-title'  itemprop=\"headline\" >Hala Przemys\u0142owa Armstrong Insulation<\/h3><\/div><\/div><\/figcaption><\/figure><\/a><!--end av-masonry entry--><a href=\"https:\/\/www.ozbud.com.pl\/index.php\/realizacje\/hala-przemyslowa-armstrong-insulation\/\" id='av-masonry-1-item-899' data-av-masonry-item='899' class='av-masonry-entry isotope-item post-899 portfolio type-portfolio status-publish has-post-thumbnail hentry portfolio_entries-budownictwo-przemyslowe  av-masonry-item-with-image av-grid-img' title=\"Hala Przemys\u0142owa Armstrong Insulation\"  itemscope=\"itemscope\" itemtype=\"https:\/\/schema.org\/CreativeWork\" ><div class='av-inner-masonry-sizer'><\/div><figure class='av-inner-masonry main_color'><div class=\"av-masonry-outerimage-container\"><div class=\"av-masonry-image-container\" style=\"background-image: url(https:\/\/www.ozbud.com.pl\/wp-content\/uploads\/2018\/03\/ARMSTRONG.jpg);\"><img decoding=\"async\" src=\"https:\/\/www.ozbud.com.pl\/wp-content\/uploads\/2018\/03\/ARMSTRONG.jpg\" title=\"ARMSTRONG\" alt=\"\" \/><\/div><\/div><figcaption class='av-inner-masonry-content site-background'><div class='av-inner-masonry-content-pos'><div class='av-inner-masonry-content-pos-content'><div class='avia-arrow'><\/div><h3 class='av-masonry-entry-title entry-title'  itemprop=\"headline\" >Hala Przemys\u0142owa Armstrong Insulation<\/h3><\/div><\/div><\/figcaption><\/figure><\/a><!--end av-masonry entry--><\/div><\/div>\n","protected":false},"excerpt":{"rendered":"","protected":false},"author":1,"featured_media":0,"parent":0,"menu_order":0,"comment_status":"closed","ping_status":"closed","template":"","meta":{"footnotes":""},"yst_prominent_words":[],"class_list":["post-649","page","type-page","status-publish","hentry"],"_links":{"self":[{"href":"https:\/\/www.ozbud.com.pl\/index.php\/wp-json\/wp\/v2\/pages\/649","targetHints":{"allow":["GET"]}}],"collection":[{"href":"https:\/\/www.ozbud.com.pl\/index.php\/wp-json\/wp\/v2\/pages"}],"about":[{"href":"https:\/\/www.ozbud.com.pl\/index.php\/wp-json\/wp\/v2\/types\/page"}],"author":[{"embeddable":true,"href":"https:\/\/www.ozbud.com.pl\/index.php\/wp-json\/wp\/v2\/users\/1"}],"replies":[{"embeddable":true,"href":"https:\/\/www.ozbud.com.pl\/index.php\/wp-json\/wp\/v2\/comments?post=649"}],"version-history":[{"count":3,"href":"https:\/\/www.ozbud.com.pl\/index.php\/wp-json\/wp\/v2\/pages\/649\/revisions"}],"predecessor-version":[{"id":728,"href":"https:\/\/www.ozbud.com.pl\/index.php\/wp-json\/wp\/v2\/pages\/649\/revisions\/728"}],"wp:attachment":[{"href":"https:\/\/www.ozbud.com.pl\/index.php\/wp-json\/wp\/v2\/media?parent=649"}],"wp:term":[{"taxonomy":"yst_prominent_words","embeddable":true,"href":"https:\/\/www.ozbud.com.pl\/index.php\/wp-json\/wp\/v2\/yst_prominent_words?post=649"}],"curies":[{"name":"wp","href":"https:\/\/api.w.org\/{rel}","templated":true}]}}